{"id":39,"date":"2015-12-05T14:57:56","date_gmt":"2015-12-05T13:57:56","guid":{"rendered":"http:\/\/preview-web01.140466.aweb.preview-site.ch\/?page_id=39"},"modified":"2025-12-08T16:53:06","modified_gmt":"2025-12-08T15:53:06","slug":"hallentraining","status":"publish","type":"page","link":"https:\/\/www.olgcordoba.ch\/index.php\/hallentraining\/","title":{"rendered":"Hallentraining"},"content":{"rendered":"\n<div class=\"wp-block-image\"><figure class=\"alignright\"><a href=\"https:\/\/www.olgcordoba.ch\/wp-content\/uploads\/2019\/11\/2019_Hallen_Training_001.jpg\"><img loading=\"lazy\" width=\"300\" height=\"206\" src=\"https:\/\/www.olgcordoba.ch\/wp-content\/uploads\/2019\/11\/2019_Hallen_Training_001-300x206.jpg\" alt=\"\" class=\"wp-image-9910\" srcset=\"https:\/\/www.olgcordoba.ch\/wp-content\/uploads\/2019\/11\/2019_Hallen_Training_001-300x206.jpg 300w, https:\/\/www.olgcordoba.ch\/wp-content\/uploads\/2019\/11\/2019_Hallen_Training_001-768x528.jpg 768w, https:\/\/www.olgcordoba.ch\/wp-content\/uploads\/2019\/11\/2019_Hallen_Training_001.jpg 1000w\" sizes=\"(max-width: 300px) 100vw, 300px\" \/><\/a><figcaption>Laufschule ist oft ein Bestandteil des Hallentrainings<\/figcaption><\/figure><\/div>\n\n\n\n<p>Das Hallentraining findet im Winterhalbjahr jeweils am <strong>Mittwoch<\/strong> in\u00a0<a rel=\"noopener noreferrer\" href=\"https:\/\/map.search.ch\/d\/mrhzjg2m2\" target=\"_blank\">Turnhalle H\u00f6chi in D\u00e4ttwil<\/a>\u00a0 statt. Ausnahme\u00a0in den Weihnachts- und Sportferien. Die Termine in Detail findest du in der <a title=\"Agenda\" href=\"\/index.php\/agenda\/\">Agenda<\/a>.<br>Hier findest du die <a rel=\"noreferrer noopener\" href=\"https:\/\/www.olgcordoba.ch\/wp-content\/uploads\/2025\/12\/2025_Hallentraining_Ausschreibung.pdf\" data-type=\"URL\" data-id=\"https:\/\/www.olgcordoba.ch\/wp-content\/uploads\/2025\/12\/2025_Hallentraining_Ausschreibung.pdf\" target=\"_blank\">Ausschreibung<\/a>.<\/p>\n\n\n\n<p><\/p>\n\n\n\n<p>Das Hallentraining findet jeweils <strong>von 19:20 bis 20:40<\/strong> statt. Ein Mix aus Krafttraining, Laufschule und Spiele erwartet dich.<\/p>\n\n\n\n<p>Trainings-Leiter sind jederzeit willkommen. Bitte melde dich bei der&nbsp;<a href=\"mailto:technik@olgcordoba.ch?subject=Hallentrainings-Leiter\">Technischen Leitung<\/a>.<\/p>\n\n\n\n<p>Schau doch auch mal vorbei.<br><br><\/p>\n\n\n\r\n<div id='mc-948a6a8e8cd15db324902317a630b853' class='mc-main mcjs listjs gridjs minijs ajaxjs twentyeighteen calendar month mc-948a6a8e8cd15db324902317a630b853 ' >\n<script type=\"application\/ld+json\">\n[{\"@context\":\"https:\/\/schema.org\",\"@type\":\"Event\",\"name\":\"Cordoba TSA Intervall Training\",\"description\":\"Dieses Training wird von Lukas Erne (eMail, Tel.: 079 480 48 44) und Jari Suter (eMail, Tel.: ) geleitet. Fakten:\\u00a0\\u00a0\\u2022 Jeden Dienstag um 18:00 bei der Schule R\\u00fctihof. Details in \\u00dcbersichtsplan\\u00a0\\u00a0\\u2022 Umkleiden ist bei Suters oder Ernes m\\u00f6glich (siehe \\u00dcbersichtsplan)\\u00a0\\u00a0\\u2022 Hast du Interesse?, dann melde dich bei Luki (eMail, Tel.: 079 480 48 44) oder&hellip;\",\"image\":\"https:\/\/www.olgcordoba.ch\/wp-content\/uploads\/2023\/01\/01_Cordoba_Logo_Bildzeichen_RGB.png\",\"url\":\"https:\/\/www.olgcordoba.ch\/index.php\/mc-events\/cordoba-tsa-intervall-training-3\/?mc_id=6882\",\"startDate\":\"2026-03-31T18:00:00+02:00\",\"endDate\":\"2026-03-31T19:00:00+02:00\",\"duration\":\"PT1H\",\"eventAttendanceMode\":\"https:\/\/schema.org\/OnlineEventAttendanceMode\",\"location\":{\"@type\":\"VirtualLocation\",\"url\":\"https:\/\/www.olgcordoba.ch\/index.php\/mc-events\/cordoba-tsa-intervall-training-3\/?mc_id=6882\"}},{\"@context\":\"https:\/\/schema.org\",\"@type\":\"Event\",\"name\":\"Trainings-OL\",\"description\":\"Organisation: Nik Suter, eMail Karte: Tannwald (Wald) und Dorf R\\u00fctihof (urban) Besammlung: Schule R\\u00fctihof Startzeiten: 17:30 - 18:00 Trainingsform: Vielposten OL (pr\\u00e4zises Kompasslaufen und Feinorientierung) Urban: Routen vor dem Weglaufen fertig planen. Anmeldung: nicht erforderlich Ausschreibung\",\"image\":\"https:\/\/www.olgcordoba.ch\/wp-content\/uploads\/2023\/01\/01_Cordoba_Logo_Bildzeichen_RGB.png\",\"url\":\"https:\/\/www.olgcordoba.ch\/index.php\/mc-events\/trainings-ol-51\/?mc_id=6941\",\"startDate\":\"2026-04-01T17:30:00+02:00\",\"endDate\":\"2026-04-01T18:00:00+02:00\",\"duration\":\"P30M\",\"eventAttendanceMode\":\"https:\/\/schema.org\/OnlineEventAttendanceMode\",\"location\":{\"@type\":\"VirtualLocation\",\"url\":\"https:\/\/www.olgcordoba.ch\/index.php\/mc-events\/trainings-ol-51\/?mc_id=6941\"}},{\"@context\":\"https:\/\/schema.org\",\"@type\":\"Event\",\"name\":\"Osterstaffel\",\"description\":\"Am Samstag, 4. April, findet die 47. Osterstaffel\\u00a0 der Karte Chapf (Massstab 1:7&#039;500 f\\u00fcr alle!) statt. Weitere Infos auf der Veranstalter Homepage. Der Anmeldeschluss bei Jari ist am Freitag, 20. M\\u00e4rz mit Namen, Jahrgang, Badge und Streckenwunsch. Mehr Infos zu Staffeln findest du im entsprechenden Beitrag.\",\"image\":\"https:\/\/www.olgcordoba.ch\/wp-content\/uploads\/2023\/01\/01_Cordoba_Logo_Bildzeichen_RGB.png\",\"url\":\"https:\/\/www.olgcordoba.ch\/index.php\/mc-events\/osterstaffel-4\/?mc_id=6944\",\"startDate\":\"2026-04-04T00:00:00+02:00\",\"endDate\":\"2026-04-05T00:00:59+02:00\",\"duration\":\"PD1TH0M0\",\"eventAttendanceMode\":\"https:\/\/schema.org\/OnlineEventAttendanceMode\",\"location\":{\"@type\":\"VirtualLocation\",\"url\":\"https:\/\/www.olgcordoba.ch\/index.php\/mc-events\/osterstaffel-4\/?mc_id=6944\"}},{\"@context\":\"https:\/\/schema.org\",\"@type\":\"Event\",\"name\":\"4. Nationaler - Meldeschluss\",\"description\":\"Am Samstag, 19. April, findet der 4. nationale OL als Sprint in Altst\\u00e4tten SG auf der Karte Altst\\u00e4tten statt. Weitere Infos auf der Veranstalter Homepage. Der Anmeldeschluss ist am Montag, 6. April.\",\"image\":\"https:\/\/www.olgcordoba.ch\/wp-content\/uploads\/2023\/01\/01_Cordoba_Logo_Bildzeichen_RGB.png\",\"url\":\"https:\/\/www.olgcordoba.ch\/index.php\/mc-events\/4-nationaler-meldeschluss-4\/?mc_id=6938\",\"startDate\":\"2026-04-06T00:00:00+02:00\",\"endDate\":\"2026-04-07T00:00:59+02:00\",\"duration\":\"PD1TH0M0\",\"eventAttendanceMode\":\"https:\/\/schema.org\/OnlineEventAttendanceMode\",\"location\":{\"@type\":\"VirtualLocation\",\"url\":\"https:\/\/www.olgcordoba.ch\/index.php\/mc-events\/4-nationaler-meldeschluss-4\/?mc_id=6938\"}},{\"@context\":\"https:\/\/schema.org\",\"@type\":\"Event\",\"name\":\"Ferienpass Nussbaumen\",\"description\":\"Am 16. April von 9:00 - 11:30 findet f\\u00fcr Jugendliche in Nussbaumen ein OL-Einsteiger-Angebot im Rahmen der Ferienpasses statt. Detaillierte Infos erscheinen zu gegebener Zeit auf auf der Homepage von Cordoba OLC. Alle OL-Einsteiger-Angebote findest du hier. Weitere Ausk\\u00fcnfte erteilt Therese Achermann, Cordoba OLC - Breitensport, 079 280 68 14, eMail\",\"image\":\"https:\/\/www.olgcordoba.ch\/wp-content\/uploads\/2023\/01\/01_Cordoba_Logo_Bildzeichen_RGB.png\",\"url\":\"https:\/\/www.olgcordoba.ch\/index.php\/mc-events\/ferienpass-nussbaumen\/?mc_id=6923\",\"startDate\":\"2026-04-16T09:00:00+02:00\",\"endDate\":\"2026-04-16T11:30:00+02:00\",\"duration\":\"PT2H30M\",\"eventAttendanceMode\":\"https:\/\/schema.org\/OnlineEventAttendanceMode\",\"location\":{\"@type\":\"VirtualLocation\",\"url\":\"https:\/\/www.olgcordoba.ch\/index.php\/mc-events\/ferienpass-nussbaumen\/?mc_id=6923\"}},{\"@context\":\"https:\/\/schema.org\",\"@type\":\"Event\",\"name\":\"3. Nationaler\",\"description\":\"Am Samstag, 18. April, findet der 3. nationale OL als Langdistanz in Altst\\u00e4tten SG auf der Karte Schwamm statt. Weitere Infos auf der Veranstalter Homepage. Der Anmeldeschluss ist am Montag, 6. April.\",\"image\":\"https:\/\/www.olgcordoba.ch\/wp-content\/uploads\/2023\/01\/01_Cordoba_Logo_Bildzeichen_RGB.png\",\"url\":\"https:\/\/www.olgcordoba.ch\/index.php\/mc-events\/3-nationaler-3\/?mc_id=6935\",\"startDate\":\"2026-04-18T00:00:00+02:00\",\"endDate\":\"2026-04-19T00:00:59+02:00\",\"duration\":\"PD1TH0M0\",\"eventAttendanceMode\":\"https:\/\/schema.org\/OnlineEventAttendanceMode\",\"location\":{\"@type\":\"VirtualLocation\",\"url\":\"https:\/\/www.olgcordoba.ch\/index.php\/mc-events\/3-nationaler-3\/?mc_id=6935\"}},{\"@context\":\"https:\/\/schema.org\",\"@type\":\"Event\",\"name\":\"4. Nationaler\",\"description\":\"Am Samstag, 19. April, findet der 4. nationale OL als Sprint in Altst\\u00e4tten SG auf der Karte Altst\\u00e4tten statt. Weitere Infos auf der Veranstalter Homepage. Der Anmeldeschluss ist am Montag, 6. April.\",\"image\":\"https:\/\/www.olgcordoba.ch\/wp-content\/uploads\/2023\/01\/01_Cordoba_Logo_Bildzeichen_RGB.png\",\"url\":\"https:\/\/www.olgcordoba.ch\/index.php\/mc-events\/4-nationaler-4\/?mc_id=6937\",\"startDate\":\"2026-04-19T00:00:00+02:00\",\"endDate\":\"2026-04-20T00:00:59+02:00\",\"duration\":\"PD1TH0M0\",\"eventAttendanceMode\":\"https:\/\/schema.org\/OnlineEventAttendanceMode\",\"location\":{\"@type\":\"VirtualLocation\",\"url\":\"https:\/\/www.olgcordoba.ch\/index.php\/mc-events\/4-nationaler-4\/?mc_id=6937\"}},{\"@context\":\"https:\/\/schema.org\",\"@type\":\"Event\",\"name\":\"SSM (Sprintstaffel OL-Schweizermeisterschaft) - Meldeschluss\",\"description\":\"Am Samstag, 9. Mai, findet die SSM (Sprintstaffel OL-Schweizermeisterschaft) auf der Karte Lausanne-Ouchy in der\\u00a0 statt. Weitere Infos auf der Veranstalter Homepage. Der Anmeldeschluss bei Jari ist am Montag, 20. April mit Namen, Jahrgang, Badge und Streckenwunsch. Mehr Infos zu Staffeln findest du im entsprechenden Beitrag.\",\"image\":\"https:\/\/www.olgcordoba.ch\/wp-content\/uploads\/2023\/01\/01_Cordoba_Logo_Bildzeichen_RGB.png\",\"url\":\"https:\/\/www.olgcordoba.ch\/index.php\/mc-events\/ssm-sprintstaffel-ol-schweizermeisterschaft-meldeschluss\/?mc_id=6950\",\"startDate\":\"2026-04-20T00:00:00+02:00\",\"endDate\":\"2026-04-21T00:00:59+02:00\",\"duration\":\"PD1TH0M0\",\"eventAttendanceMode\":\"https:\/\/schema.org\/OnlineEventAttendanceMode\",\"location\":{\"@type\":\"VirtualLocation\",\"url\":\"https:\/\/www.olgcordoba.ch\/index.php\/mc-events\/ssm-sprintstaffel-ol-schweizermeisterschaft-meldeschluss\/?mc_id=6950\"}},{\"@context\":\"https:\/\/schema.org\",\"@type\":\"Event\",\"name\":\"Cordoba TSA Intervall Training\",\"description\":\"Dieses Training wird von Lukas Erne (eMail, Tel.: 079 480 48 44) und Jari Suter (eMail, Tel.: ) geleitet. Fakten:\\u00a0\\u00a0\\u2022 Jeden Dienstag um 18:00 bei der Schule R\\u00fctihof. Details in \\u00dcbersichtsplan\\u00a0\\u00a0\\u2022 Umkleiden ist bei Suters oder Ernes m\\u00f6glich (siehe \\u00dcbersichtsplan)\\u00a0\\u00a0\\u2022 Hast du Interesse?, dann melde dich bei Luki (eMail, Tel.: 079 480 48 44) oder&hellip;\",\"image\":\"https:\/\/www.olgcordoba.ch\/wp-content\/uploads\/2023\/01\/01_Cordoba_Logo_Bildzeichen_RGB.png\",\"url\":\"https:\/\/www.olgcordoba.ch\/index.php\/mc-events\/cordoba-tsa-intervall-training-3\/?mc_id=6922\",\"startDate\":\"2026-04-21T18:00:00+02:00\",\"endDate\":\"2026-04-21T19:00:00+02:00\",\"duration\":\"PT1H\",\"eventAttendanceMode\":\"https:\/\/schema.org\/OnlineEventAttendanceMode\",\"location\":{\"@type\":\"VirtualLocation\",\"url\":\"https:\/\/www.olgcordoba.ch\/index.php\/mc-events\/cordoba-tsa-intervall-training-3\/?mc_id=6922\"}},{\"@context\":\"https:\/\/schema.org\",\"@type\":\"Event\",\"name\":\"Trainings-OL\",\"description\":\"Organisation: Jari Suter, eMail, 076 588 11 23 Karte: Klingnau\/D\\u00f6ttingen (Sprint) Besammlung: Bahnhof Klingnau Startzeiten: 17:30 - 18:00 Anmeldung: F\\u00fcr den Kartendruck erw\\u00fcnscht, aber nicht notwendig Ausschreibung\",\"image\":\"https:\/\/www.olgcordoba.ch\/wp-content\/uploads\/2023\/01\/01_Cordoba_Logo_Bildzeichen_RGB.png\",\"url\":\"https:\/\/www.olgcordoba.ch\/index.php\/mc-events\/trainings-ol-52\/?mc_id=6942\",\"startDate\":\"2026-04-22T17:30:00+02:00\",\"endDate\":\"2026-04-22T18:00:00+02:00\",\"duration\":\"P30M\",\"eventAttendanceMode\":\"https:\/\/schema.org\/OnlineEventAttendanceMode\",\"location\":{\"@type\":\"VirtualLocation\",\"url\":\"https:\/\/www.olgcordoba.ch\/index.php\/mc-events\/trainings-ol-52\/?mc_id=6942\"}},{\"@context\":\"https:\/\/schema.org\",\"@type\":\"Event\",\"name\":\"Cordoba TSA Intervall Training\",\"description\":\"Dieses Training wird von Lukas Erne (eMail, Tel.: 079 480 48 44) und Jari Suter (eMail, Tel.: ) geleitet. Fakten:\\u00a0\\u00a0\\u2022 Jeden Dienstag um 18:00 bei der Schule R\\u00fctihof. Details in \\u00dcbersichtsplan\\u00a0\\u00a0\\u2022 Umkleiden ist bei Suters oder Ernes m\\u00f6glich (siehe \\u00dcbersichtsplan)\\u00a0\\u00a0\\u2022 Hast du Interesse?, dann melde dich bei Luki (eMail, Tel.: 079 480 48 44) oder&hellip;\",\"image\":\"https:\/\/www.olgcordoba.ch\/wp-content\/uploads\/2023\/01\/01_Cordoba_Logo_Bildzeichen_RGB.png\",\"url\":\"https:\/\/www.olgcordoba.ch\/index.php\/mc-events\/cordoba-tsa-intervall-training-3\/?mc_id=6886\",\"startDate\":\"2026-04-28T18:00:00+02:00\",\"endDate\":\"2026-04-28T19:00:00+02:00\",\"duration\":\"PT1H\",\"eventAttendanceMode\":\"https:\/\/schema.org\/OnlineEventAttendanceMode\",\"location\":{\"@type\":\"VirtualLocation\",\"url\":\"https:\/\/www.olgcordoba.ch\/index.php\/mc-events\/cordoba-tsa-intervall-training-3\/?mc_id=6886\"}},{\"@context\":\"https:\/\/schema.org\",\"@type\":\"Event\",\"name\":\"Trainings-OL\",\"description\":\"Organisation: Jari Suter, eMail, 076 588 11 23 - vor Ort: Jan Erne Karte: T\\u00e4gerhard, 1:7&#039;500 Besammlung: Siehe Karte Startzeiten: 17:30 - 18:00 Anmeldung: F\\u00fcr den Kartendruck erw\\u00fcnscht, aber nicht notwendig Ausschreibung\",\"image\":\"https:\/\/www.olgcordoba.ch\/wp-content\/uploads\/2023\/01\/01_Cordoba_Logo_Bildzeichen_RGB.png\",\"url\":\"https:\/\/www.olgcordoba.ch\/index.php\/mc-events\/trainings-ol-53\/?mc_id=6943\",\"startDate\":\"2026-04-29T17:30:00+02:00\",\"endDate\":\"2026-04-29T18:00:00+02:00\",\"duration\":\"P30M\",\"eventAttendanceMode\":\"https:\/\/schema.org\/OnlineEventAttendanceMode\",\"location\":{\"@type\":\"VirtualLocation\",\"url\":\"https:\/\/www.olgcordoba.ch\/index.php\/mc-events\/trainings-ol-53\/?mc_id=6943\"}}]\n<\/script>\n<h2 id=\"mc_head_mc-948a6a8e8cd15db324902317a630b853\" class=\"heading my-calendar-month\"><span>Veranstaltungen im April 2026\n<\/span><\/h2>\n\n<nav class=\"my-calendar-navigation\" aria-label=\"Kalender (oben)\">\n<div class=\"my-calendar-header\"><div class='mc-format'>\r\n\t\t<ul><li><a id='mc_grid-mc-948a6a8e8cd15db324902317a630b853' href='https:\/\/www.olgcordoba.ch\/index.php\/hallentraining\/?format=calendar' aria-pressed=\"true\" class='mc-grid-option mc-active' rel='nofollow'><span class='mc-icon' aria-hidden='true'><\/span><span class=\"maybe-hide\">Anzeigen als<\/span> Raster<\/a><\/li><li><a id='mc_list-mc-948a6a8e8cd15db324902317a630b853' href='https:\/\/www.olgcordoba.ch\/index.php\/hallentraining\/?format=list'  class='mc-list-option' rel='nofollow'><span class='mc-icon' aria-hidden='true'><\/span><span class=\"maybe-hide\">Ansicht als <\/span>Liste<\/a><\/li><\/ul>\r\n\t\t<\/div><div class='mc-time'><ul><li><a rel='nofollow' id='mc_month-mc-948a6a8e8cd15db324902317a630b853'  href='https:\/\/www.olgcordoba.ch\/index.php\/hallentraining\/?time=month' class='month mc-active' aria-pressed='true'>Monat<\/a><\/li><li><a rel='nofollow' id='mc_week-mc-948a6a8e8cd15db324902317a630b853'  href='https:\/\/www.olgcordoba.ch\/index.php\/hallentraining\/?time=week&#038;dy=6&#038;month=4&#038;yr=2026' class='week'>Woche<\/a><\/li><li><a rel='nofollow' id='mc_day-mc-948a6a8e8cd15db324902317a630b853'  href='https:\/\/www.olgcordoba.ch\/index.php\/hallentraining\/?time=day&#038;dy=6' class='day'>Tag<\/a><li><\/ul><\/div><div class=\"my-calendar-date-switcher\"><form class=\"mc-date-switcher\" action=\"https:\/\/www.olgcordoba.ch\/index.php\/wp-json\/wp\/v2\/pages\/39\/\" method=\"get\"><div><input type=\"hidden\" name=\"cid\" value=\"mc-948a6a8e8cd15db324902317a630b853\" \/> <label class=\"maybe-hide\" for=\"mc-948a6a8e8cd15db324902317a630b853-month\">Monat<\/label> <select id=\"mc-948a6a8e8cd15db324902317a630b853-month\" name=\"month\">\n<option value='1'>Januar<\/option>\n<option value='2'>Februar<\/option>\n<option value='3'>M\u00e4rz<\/option>\n<option value='4' selected='selected'>April<\/option>\n<option value='5'>Mai<\/option>\n<option value='6'>Juni<\/option>\n<option value='7'>Juli<\/option>\n<option value='8'>August<\/option>\n<option value='9'>September<\/option>\n<option value='10'>Oktober<\/option>\n<option value='11'>November<\/option>\n<option value='12'>Dezember<\/option>\n<\/select>\n <label class=\"maybe-hide\" for=\"mc-948a6a8e8cd15db324902317a630b853-year\">Jahr<\/label> <select id=\"mc-948a6a8e8cd15db324902317a630b853-year\" name=\"yr\">\n<option value=\"2019\">2019<\/option>\n<option value=\"2020\">2020<\/option>\n<option value=\"2021\">2021<\/option>\n<option value=\"2022\">2022<\/option>\n<option value=\"2023\">2023<\/option>\n<option value=\"2024\">2024<\/option>\n<option value=\"2025\">2025<\/option>\n<option value=\"2026\" selected='selected'>2026<\/option>\n<\/select> <input type=\"submit\" class=\"button\" data-href=\"https:\/\/www.olgcordoba.ch\/index.php\/wp-json\/wp\/v2\/pages\/39\/\" value=\"Anzeigen\" \/><\/div><\/form><\/div>\r\n\t\t<div class=\"my-calendar-nav\">\r\n\t\t\t<ul>\r\n\t\t\t\t<li class=\"my-calendar-prev\"><a id=\"mc_previous_mc-948a6a8e8cd15db324902317a630b853\" href=\"https:\/\/www.olgcordoba.ch\/index.php\/hallentraining\/?yr=2026&#038;month=3&#038;dy&#038;cid=mc-948a6a8e8cd15db324902317a630b853&#038;time=month\" rel=\"nofollow\"><span class=\"mc-icon\" aria-hidden=\"true\"><\/span><span class=\"maybe-hide\">Zur\u00fcck <\/span><\/a><\/li><li class=\"my-calendar-today\"><a id=\"mc_today_mc-948a6a8e8cd15db324902317a630b853\" href=\"https:\/\/www.olgcordoba.ch\/index.php\/hallentraining\/?cid=mc-948a6a8e8cd15db324902317a630b853\" rel=\"nofollow\" class=\"today mc-active\" aria-current=\"true\"><span class=\"mc-icon\" aria-hidden=\"true\"><\/span>Heute<\/a><\/li><li class=\"my-calendar-next\"><a id=\"mc_next_mc-948a6a8e8cd15db324902317a630b853\" href=\"https:\/\/www.olgcordoba.ch\/index.php\/hallentraining\/?yr=2026&#038;month=5&#038;dy&#038;cid=mc-948a6a8e8cd15db324902317a630b853&#038;time=month\" rel=\"nofollow\"><span class=\"maybe-hide\">Weiter <\/span><span class=\"mc-icon\" aria-hidden=\"true\"><\/span><\/a><\/li>\r\n\t\t\t<\/ul>\r\n\t\t<\/div><\/div>\n<\/nav>\n<div class=\"mc-content\">\n<table class='my-calendar-table' aria-labelledby='mc_head_mc-948a6a8e8cd15db324902317a630b853'>\n<thead>\n\t<tr class='mc-row'>\n\t\t<th scope=\"col\" class='day-heading mon'><abbr title=\"Montag\" aria-hidden=\"true\">Mo.<\/abbr><span class=\"screen-reader-text\">Montag<\/span><\/th>\n\t\t<th scope=\"col\" class='day-heading tues'><abbr title=\"Dienstag\" aria-hidden=\"true\">Di.<\/abbr><span class=\"screen-reader-text\">Dienstag<\/span><\/th>\n\t\t<th scope=\"col\" class='day-heading wed'><abbr title=\"Mittwoch\" aria-hidden=\"true\">Mi.<\/abbr><span class=\"screen-reader-text\">Mittwoch<\/span><\/th>\n\t\t<th scope=\"col\" class='day-heading thur'><abbr title=\"Donnerstag\" aria-hidden=\"true\">Do.<\/abbr><span class=\"screen-reader-text\">Donnerstag<\/span><\/th>\n\t\t<th scope=\"col\" class='day-heading fri'><abbr title=\"Freitag\" aria-hidden=\"true\">Fr.<\/abbr><span class=\"screen-reader-text\">Freitag<\/span><\/th>\n\t\t<th scope=\"col\" class='weekend-heading sat'><abbr title=\"Samstag\" aria-hidden=\"true\">Sa.<\/abbr><span class=\"screen-reader-text\">Samstag<\/span><\/th>\n\t\t<th scope=\"col\" class='weekend-heading sun'><abbr title=\"Sonntag\" aria-hidden=\"true\">So.<\/abbr><span class=\"screen-reader-text\">Sonntag<\/span><\/th>\n\t<\/tr>\n<\/thead>\n<tbody>\n<tr class='mc-row'><td class='no-events montag mo past-day past-date  nextmonth no-events day-with-date'><div class='mc-date-container'><span class='mc-date no-events'><span aria-hidden='true'>30<\/span><span class='screen-reader-text'>30. M\u00e4rz 2026<\/span><\/span><\/div>\n<\/td>\n<td id='calendar-2026-03-31' class='mc-events dienstag di past-day past-date  nextmonth has-events author18 mcat_training day-with-date'><div class='mc-date-container'>\n\t<span class='mc-date'><span aria-hidden='true'>31<\/span><span class='screen-reader-text'>31. M\u00e4rz 2026<\/span><span class=\"event-icon\" aria-hidden=\"true\">&#9679;<\/span><span class=\"screen-reader-text\"><span class=\"mc-list-details event-count\">(1 Veranstaltung)<\/span><\/span><\/span><\/div><article id='mc_calendar_31_6882-calendar-6882' class='mc-mc_calendar_6882 calendar-event mc_training mc_no-location past-event mc_primary_training recurring mc-1-stunde mc-start-18-00 ungrouped mc-event-611 mc-events mc-event mc_rel_training'><header>\t<h3 class='event-title summary' id='mc_6882-title-mc-948a6a8e8cd15db324902317a630b853'><button type='button'  aria-expanded='false' aria-controls='mc_calendar_31_6882-calendar-details-6882' class='calendar open url summary'><div>18:00: Cordoba TSA Intervall Training<\/div><\/button><\/h3>\n<\/header><div id='mc_calendar_31_6882-calendar-details-6882' class='details no-image single-details' aria-labelledby='mc_6882-title-mc-948a6a8e8cd15db324902317a630b853'>\n\t<button type='button' aria-controls='mc_calendar_31_6882-calendar-details-6882' class='mc-toggle close'><span class='dashicons dashicons-dismiss' aria-hidden='true'><\/span><span class='screen-reader-text'>Close<\/span><\/button>\n\t\t<h4 class=\"mc-title\">18:00: Cordoba TSA Intervall Training<\/h4>\n\t\r\n\t<div class='time-block'>\r\n\t\t<span class='mc-icon' aria-hidden='true'><\/span>\r\n\t\t<p><span class=\"time-wrapper\"><span class='event-time dtstart'><time class='value-title' datetime='2026-03-31T18:00:00+02:00' title='2026-03-31T18:00:00+02:00'>18:00<\/time><\/span> <span class='time-separator'> &ndash; <\/span> <span class='end-time dtend'> <time class='value-title' datetime='2026-03-31T19:00:00+02:00' title='2026-03-31T19:00:00+02:00'>19:00<\/time><\/span><\/span><br \/><span class=\"date-wrapper\"><span class='mc-start-date dtstart' title='2026-03-31T18:00:00+02:00' content='2026-03-31T18:00:00+02:00'>31. M\u00e4rz 2026<\/span>  <\/span><\/p>\r\n\t<\/div>\n\t\t<div class='longdesc description'><div class=\"interface-interface-skeleton__content\" role=\"region\" aria-label=\"Editor-Inhalt\">\n<div class=\"edit-post-visual-editor\">\n<div class=\"edit-post-visual-editor__content-area\">\n<div class=\"is-desktop-preview\">\n<div class=\"editor-styles-wrapper block-editor-writing-flow\">\n<div class=\"is-root-container block-editor-block-list__layout\" data-is-drop-zone=\"true\">\n<p id=\"block-0cd91462-d661-4b19-a344-45ddbb39f2f7\" class=\"block-editor-rich-text__editable block-editor-block-list__block wp-block wp-block-paragraph rich-text\" role=\"document\" aria-label=\"Absatz-Block\" data-block=\"0cd91462-d661-4b19-a344-45ddbb39f2f7\" data-type=\"core\/paragraph\" data-title=\"Absatz\" data-empty=\"false\">Dieses Training wird von Lukas Erne (<a href=\"mailto:l.erne@bluewin.ch?subject=Cordoba%20TSA%20Intervall%20Training\">eMail<\/a>, Tel.: 079 480 48 44) und Jari Suter (<a href=\"mailto:jari.suter@gmx.ch?subject=Cordoba%20TSA%20Intervall%20Training\" target=\"_blank\">eMail<\/a>, Tel.: ) geleitet.<\/p>\n<p id=\"block-65992a8d-0f73-4da9-907f-247ebbfbfa1a\" class=\"block-editor-rich-text__editable block-editor-block-list__block wp-block wp-block-paragraph rich-text\" role=\"document\" aria-label=\"Absatz-Block\" data-block=\"65992a8d-0f73-4da9-907f-247ebbfbfa1a\" data-type=\"core\/paragraph\" data-title=\"Absatz\" data-empty=\"false\">Fakten:<br data-rich-text-line-break=\"true\" \/>\u00a0\u00a0\u2022 Jeden Dienstag um 18:00 bei der Schule R\u00fctihof. Details in <a href=\"https:\/\/www.olgcordoba.ch\/wp-content\/uploads\/2023\/09\/2023_Cordoba_TSA_IntervallTraining_Plan.pdf\" target=\"_blank\">\u00dcbersichtsplan<\/a><br data-rich-text-line-break=\"true\" \/>\u00a0\u00a0\u2022 Umkleiden ist bei Suters oder Ernes m\u00f6glich (siehe <a href=\"https:\/\/www.olgcordoba.ch\/wp-content\/uploads\/2023\/09\/2023_Cordoba_TSA_IntervallTraining_Plan.pdf\" target=\"_blank\">\u00dcbersichtsplan<\/a>)<br data-rich-text-line-break=\"true\" \/>\u00a0\u00a0\u2022 Hast du Interesse?, dann melde dich bei Luki (<a href=\"mailto:l.erne@bluewin.ch?subject=Cordoba%20TSA%20Intervall%20Training\">eMail<\/a>, Tel.: 079 480 48 44) oder Jari (<a href=\"mailto:jari.suter@gmx.ch?subject=Cordoba%20TSA%20Intervall%20Training\" target=\"_blank\">eMail<\/a>, Tel.: 076 588 11 23)<br data-rich-text-line-break=\"true\" \/>\u00a0\u00a0\u2022 Genau Trainingsinfos folgen auf dem entsprechenden WhatsApp Kanal, wo man hinzugef\u00fcgt werden kann (bei Luki oder Jari melden).<br data-rich-text-line-break=\"true\" \/>\u00a0\u00a0\u2022 <a href=\"https:\/\/www.olgcordoba.ch\/wp-content\/uploads\/2023\/09\/2023_Cordoba_TSA_IntervallTraining_Plan.pdf\" target=\"_blank\">\u00dcbersichtsplan<\/a><\/p>\n<p id=\"block-2f27dc43-fd4a-4a05-8a9b-e6d5cadfc930\" class=\"block-editor-rich-text__editable block-editor-block-list__block wp-block wp-block-paragraph rich-text\" role=\"document\" aria-label=\"Absatz-Block\" data-block=\"2f27dc43-fd4a-4a05-8a9b-e6d5cadfc930\" data-type=\"core\/paragraph\" data-title=\"Absatz\" data-empty=\"false\">Dieses Training steht allen Cordobanerinnen und Cordobanern und anderen Interessierten offen. <br data-rich-text-line-break=\"true\" \/>Bist du motiviert und m\u00f6chtest an deiner Physis arbeiten, dann k\u00f6nnte dieses Training etwas f\u00fcr dich sein.<\/p>\n<div class=\"block-list-appender wp-block\" data-block=\"true\"><\/div>\n<\/div>\n<\/div>\n<div><\/div>\n<\/div>\n<\/div>\n<div class=\"popover-slot\"><\/div>\n<\/div>\n<div class=\"edit-post-layout__metaboxes\">\n<div class=\"edit-post-meta-boxes-area is-normal\">\n<div class=\"edit-post-meta-boxes-area__container\">\n<div id=\"poststuff\" class=\"sidebar-open\">\n<div id=\"postbox-container-2\" class=\"postbox-container\">\n<div id=\"normal-sortables\" class=\"meta-box-sortables ui-sortable\"><\/div>\n<\/div>\n<\/div>\n<\/div>\n<div class=\"edit-post-meta-boxes-area__clear\"><\/div>\n<\/div>\n<div class=\"edit-post-meta-boxes-area is-advanced\">\n<div class=\"edit-post-meta-boxes-area__container\">\n<div id=\"poststuff\" class=\"sidebar-open\">\n<div id=\"postbox-container-2\" class=\"postbox-container\">\n<div id=\"advanced-sortables\" class=\"meta-box-sortables ui-sortable\"><\/div>\n<\/div>\n<\/div>\n<\/div>\n<div class=\"edit-post-meta-boxes-area__clear\"><\/div>\n<\/div>\n<\/div>\n<\/div>\n<div class=\"interface-interface-skeleton__sidebar\" role=\"region\" aria-label=\"Editor-Einstellungen\">\n<div class=\"interface-complementary-area edit-post-sidebar\">\n<div class=\"components-panel__header interface-complementary-area-header edit-post-sidebar__panel-tabs\"><\/div>\n<\/div>\n<\/div>\n<\/div>\n\t\t<div class=\"sharing\">\t<p class='mc-details'><a aria-label='Read more: 18:00: Cordoba TSA Intervall Training' href='https:\/\/www.olgcordoba.ch\/index.php\/mc-events\/cordoba-tsa-intervall-training-3\/?mc_id=6882'>Read more<\/a><\/p>\n<\/div><\/div><!--end .details--><\/article>\n<\/td>\n<td id='calendar-2026-04-01' class='mc-events mittwoch mi past-day past-date   has-events author18 mcat_training day-with-date'><div class='mc-date-container'>\n\t<span class='mc-date'><span aria-hidden='true'>1<\/span><span class='screen-reader-text'>1. April 2026<\/span><span class=\"event-icon\" aria-hidden=\"true\">&#9679;<\/span><span class=\"screen-reader-text\"><span class=\"mc-list-details event-count\">(1 Veranstaltung)<\/span><\/span><\/span><\/div><article id='mc_calendar_01_6941-calendar-6941' class='mc-mc_calendar_6941 calendar-event mc_training mc_no-location past-event mc_primary_training nonrecurring mc-30-minuten mc-start-17-30 ungrouped mc-event-684 mc-events mc-event mc_rel_training'><header>\t<h3 class='event-title summary' id='mc_6941-title-mc-948a6a8e8cd15db324902317a630b853'><button type='button'  aria-expanded='false' aria-controls='mc_calendar_01_6941-calendar-details-6941' class='calendar open url summary'><div>17:30: Trainings-OL<\/div><\/button><\/h3>\n<\/header><div id='mc_calendar_01_6941-calendar-details-6941' class='details no-image single-details' aria-labelledby='mc_6941-title-mc-948a6a8e8cd15db324902317a630b853'>\n\t<button type='button' aria-controls='mc_calendar_01_6941-calendar-details-6941' class='mc-toggle close'><span class='dashicons dashicons-dismiss' aria-hidden='true'><\/span><span class='screen-reader-text'>Close<\/span><\/button>\n\t\t<h4 class=\"mc-title\">17:30: Trainings-OL<\/h4>\n\t\r\n\t<div class='time-block'>\r\n\t\t<span class='mc-icon' aria-hidden='true'><\/span>\r\n\t\t<p><span class=\"time-wrapper\"><span class='event-time dtstart'><time class='value-title' datetime='2026-04-01T17:30:00+02:00' title='2026-04-01T17:30:00+02:00'>17:30<\/time><\/span> <span class='time-separator'> &ndash; <\/span> <span class='end-time dtend'> <time class='value-title' datetime='2026-04-01T18:00:00+02:00' title='2026-04-01T18:00:00+02:00'>18:00<\/time><\/span><\/span><br \/><span class=\"date-wrapper\"><span class='mc-start-date dtstart' title='2026-04-01T17:30:00+02:00' content='2026-04-01T17:30:00+02:00'>1. April 2026<\/span>  <\/span><\/p>\r\n\t<\/div>\n\t\t<div class='longdesc description'><ul>\n<li><strong>Organisation<\/strong>: Nik Suter<span style=\"color: #000000\">, <\/span><span style=\"color: #000000\"><a href=\"mailto:niklaus.suter@hexagon.com?subject=OL Training, 1. April 2026\" target=\"_blank\">eMail<\/a><\/span><\/li>\n<li><strong>Karte<\/strong>: Tannwald (Wald) und Dorf R\u00fctihof (urban)<\/li>\n<li><strong>Besammlung<\/strong>: <a href=\"https:\/\/s.geo.admin.ch\/qwe2gx3sbtab\" target=\"_blank\">Schule R\u00fctihof<\/a><\/li>\n<li><strong>Startzeiten<\/strong>: 17:30 - 18:00<\/li>\n<li><strong>Trainingsform<\/strong>: Vielposten OL (pr\u00e4zises Kompasslaufen und Feinorientierung)<br \/>\nUrban: Routen vor dem Weglaufen fertig planen.<\/li>\n<li><strong>Anmeldung<\/strong>: nicht erforderlich<\/li>\n<li><a href=\"https:\/\/www.olgcordoba.ch\/wp-content\/uploads\/2026\/03\/20260401_Trainings-Ol_Ruetihof.pdf\" target=\"_blank\"><strong>Ausschreibung<\/strong><\/a><\/li>\n<\/ul>\n<\/div>\n\t\t<div class=\"sharing\">\t<p class='mc-details'><a aria-label='Read more: 17:30: Trainings-OL' href='https:\/\/www.olgcordoba.ch\/index.php\/mc-events\/trainings-ol-51\/?mc_id=6941'>Read more<\/a><\/p>\n<\/div><\/div><!--end .details--><\/article>\n<\/td>\n<td class='no-events donnerstag do past-day past-date   no-events day-with-date'><div class='mc-date-container'><span class='mc-date no-events'><span aria-hidden='true'>2<\/span><span class='screen-reader-text'>2. April 2026<\/span><\/span><\/div>\n<\/td>\n<td class='no-events freitag fr past-day past-date   no-events day-with-date'><div class='mc-date-container'><span class='mc-date no-events'><span aria-hidden='true'>3<\/span><span class='screen-reader-text'>3. April 2026<\/span><\/span><\/div>\n<\/td>\n<td id='calendar-2026-04-04' class='mc-events samstag sa past-day past-date weekend  has-events author18 mcat_wettkampf day-with-date'><div class='mc-date-container'>\n\t<span class='mc-date'><span aria-hidden='true'>4<\/span><span class='screen-reader-text'>4. April 2026<\/span><span class=\"event-icon\" aria-hidden=\"true\">&#9679;<\/span><span class=\"screen-reader-text\"><span class=\"mc-list-details event-count\">(1 Veranstaltung)<\/span><\/span><\/span><\/div><article id='mc_calendar_04_6944-calendar-6944' class='mc-mc_calendar_6944 calendar-event mc_wettkampf mc_no-location past-event mc_primary_wettkampf nonrecurring mc-24-stunden mc-start-00-00 ungrouped mc-event-687 mc-events mc-event mc_rel_wettkampf'><header>\t<h3 class='event-title summary' id='mc_6944-title-mc-948a6a8e8cd15db324902317a630b853'><button type='button'  aria-expanded='false' aria-controls='mc_calendar_04_6944-calendar-details-6944' class='calendar open url summary'><div>All day: Osterstaffel<\/div><\/button><\/h3>\n<\/header><div id='mc_calendar_04_6944-calendar-details-6944' class='details no-image single-details' aria-labelledby='mc_6944-title-mc-948a6a8e8cd15db324902317a630b853'>\n\t<button type='button' aria-controls='mc_calendar_04_6944-calendar-details-6944' class='mc-toggle close'><span class='dashicons dashicons-dismiss' aria-hidden='true'><\/span><span class='screen-reader-text'>Close<\/span><\/button>\n\t\t<h4 class=\"mc-title\">All day: Osterstaffel<\/h4>\n\t\r\n\t<div class='time-block'>\r\n\t\t<span class='mc-icon' aria-hidden='true'><\/span>\r\n\t\t<p><span class=\"time-wrapper\"> <span class='event-time'>All day<\/span>  <\/span><br \/><span class=\"date-wrapper\"><span class='mc-start-date dtstart' title='2026-04-04T00:00:00+02:00' content='2026-04-04T00:00:00+02:00'>4. April 2026<\/span>  <\/span><\/p>\r\n\t<\/div>\n\t\t<div class='longdesc description'><p>Am Samstag, 4. April, findet die 47. Osterstaffel\u00a0 der Karte Chapf (Massstab 1:7'500 f\u00fcr alle!) statt. Weitere Infos auf der <a href=\"https:\/\/www.olgskandia.ch\/osterstaffel\/\" target=\"_blank\">Veranstalter Homepage<\/a>.<\/p>\n<p>Der Anmeldeschluss bei <span style=\"color: #000000\"><a href=\"mailto:jari.suter@gmx.ch?subject=Osterstaffel\" target=\"_blank\">Jari<\/a><\/span> ist am Freitag, 20. M\u00e4rz mit Namen, Jahrgang, Badge und Streckenwunsch.<\/p>\n<p>Mehr Infos zu Staffeln findest du im entsprechenden <a href=\"https:\/\/www.olgcordoba.ch\/index.php\/2026\/03\/16\/staffeln-mit-cordoba-olc\/\" target=\"_blank\">Beitrag<\/a>.<\/p>\n<\/div>\n\t\t<div class=\"sharing\">\t<p class='mc-details'><a aria-label='Read more: All day: Osterstaffel' href='https:\/\/www.olgcordoba.ch\/index.php\/mc-events\/osterstaffel-4\/?mc_id=6944'>Read more<\/a><\/p>\n<\/div><\/div><!--end .details--><\/article>\n<\/td>\n<td class='no-events sonntag so past-day past-date weekend  no-events day-with-date'><div class='mc-date-container'><span class='mc-date no-events'><span aria-hidden='true'>5<\/span><span class='screen-reader-text'>5. April 2026<\/span><\/span><\/div>\n<\/td>\n<\/tr>\n<!-- End Event Row -->\n<tr class='mc-row'><td id='calendar-2026-04-06' class='mc-events montag mo past-day past-date   has-events author18 mcat_meldeschluss day-with-date'><div class='mc-date-container'>\n\t<span class='mc-date'><span aria-hidden='true'>6<\/span><span class='screen-reader-text'>6. April 2026<\/span><span class=\"event-icon\" aria-hidden=\"true\">&#9679;&#9679;<\/span><span class=\"screen-reader-text\"><span class=\"mc-list-details event-count\">(2 Veranstaltungen)<\/span><\/span><\/span><\/div><article id='mc_calendar_06_6936-calendar-6936' class='mc-mc_calendar_6936 calendar-event mc_meldeschluss mc_no-location past-event mc_primary_meldeschluss nonrecurring mc-24-stunden mc-start-00-00 ungrouped mc-event-680 mc-events mc-event mc_rel_wettkampf mc_rel_meldeschluss'><header>\t<h3 class='event-title summary' id='mc_6936-title-mc-948a6a8e8cd15db324902317a630b853'><button type='button'  aria-expanded='false' aria-controls='mc_calendar_06_6936-calendar-details-6936' class='calendar open url summary'><div>All day: 3. Nationaler - Meldeschluss<\/div><\/button><\/h3>\n<\/header><div id='mc_calendar_06_6936-calendar-details-6936' class='details no-image single-details' aria-labelledby='mc_6936-title-mc-948a6a8e8cd15db324902317a630b853'>\n\t<button type='button' aria-controls='mc_calendar_06_6936-calendar-details-6936' class='mc-toggle close'><span class='dashicons dashicons-dismiss' aria-hidden='true'><\/span><span class='screen-reader-text'>Close<\/span><\/button>\n\t\t<h4 class=\"mc-title\">All day: 3. Nationaler - Meldeschluss<\/h4>\n\t\r\n\t<div class='time-block'>\r\n\t\t<span class='mc-icon' aria-hidden='true'><\/span>\r\n\t\t<p><span class=\"time-wrapper\"> <span class='event-time'>All day<\/span>  <\/span><br \/><span class=\"date-wrapper\"><span class='mc-start-date dtstart' title='2026-04-06T00:00:00+02:00' content='2026-04-06T00:00:00+02:00'>6. April 2026<\/span>  <\/span><\/p>\r\n\t<\/div>\n\t\t<div class='longdesc description'><p>Am Samstag, 18. April, findet der 3. nationale OL als Langdistanz in Altst\u00e4tten SG auf der Karte Schwamm statt. Weitere Infos auf der <a href=\"https:\/\/www.olgsga.ch\/row\/\" target=\"_blank\">Veranstalter Homepage<\/a>.<\/p>\n<p>Der Anmeldeschluss ist am Montag, 6. April.<\/p>\n<\/div>\n\t\t<div class=\"sharing\">\t<p class='mc-details'><a aria-label='Read more: All day: 3. Nationaler - Meldeschluss' href='https:\/\/www.olgcordoba.ch\/index.php\/mc-events\/3-nationaler-meldeschluss-3\/?mc_id=6936'>Read more<\/a><\/p>\n<\/div><\/div><!--end .details--><\/article><article id='mc_calendar_06_6938-calendar-6938' class='mc-mc_calendar_6938 calendar-event mc_meldeschluss mc_no-location past-event mc_primary_meldeschluss nonrecurring mc-24-stunden mc-start-00-00 ungrouped mc-event-682 mc-events mc-event mc_rel_meldeschluss mc_rel_wettkampf'><header>\t<h3 class='event-title summary' id='mc_6938-title-mc-948a6a8e8cd15db324902317a630b853'><button type='button'  aria-expanded='false' aria-controls='mc_calendar_06_6938-calendar-details-6938' class='calendar open url summary'><div>All day: 4. Nationaler - Meldeschluss<\/div><\/button><\/h3>\n<\/header><div id='mc_calendar_06_6938-calendar-details-6938' class='details no-image single-details' aria-labelledby='mc_6938-title-mc-948a6a8e8cd15db324902317a630b853'>\n\t<button type='button' aria-controls='mc_calendar_06_6938-calendar-details-6938' class='mc-toggle close'><span class='dashicons dashicons-dismiss' aria-hidden='true'><\/span><span class='screen-reader-text'>Close<\/span><\/button>\n\t\t<h4 class=\"mc-title\">All day: 4. Nationaler - Meldeschluss<\/h4>\n\t\r\n\t<div class='time-block'>\r\n\t\t<span class='mc-icon' aria-hidden='true'><\/span>\r\n\t\t<p><span class=\"time-wrapper\"> <span class='event-time'>All day<\/span>  <\/span><br \/><span class=\"date-wrapper\"><span class='mc-start-date dtstart' title='2026-04-06T00:00:00+02:00' content='2026-04-06T00:00:00+02:00'>6. April 2026<\/span>  <\/span><\/p>\r\n\t<\/div>\n\t\t<div class='longdesc description'><p>Am Samstag, 19. April, findet der 4. nationale OL als Sprint in Altst\u00e4tten SG auf der Karte Altst\u00e4tten statt. Weitere Infos auf der <a href=\"https:\/\/www.olgsga.ch\/row\/\" target=\"_blank\">Veranstalter Homepage<\/a>.<\/p>\n<p>Der Anmeldeschluss ist am Montag, 6. April.<\/p>\n<\/div>\n\t\t<div class=\"sharing\">\t<p class='mc-details'><a aria-label='Read more: All day: 4. Nationaler - Meldeschluss' href='https:\/\/www.olgcordoba.ch\/index.php\/mc-events\/4-nationaler-meldeschluss-4\/?mc_id=6938'>Read more<\/a><\/p>\n<\/div><\/div><!--end .details--><\/article>\n<\/td>\n<td class='no-events dienstag di past-day past-date   no-events day-with-date'><div class='mc-date-container'><span class='mc-date no-events'><span aria-hidden='true'>7<\/span><span class='screen-reader-text'>7. April 2026<\/span><\/span><\/div>\n<\/td>\n<td class='no-events mittwoch mi past-day past-date   no-events day-with-date'><div class='mc-date-container'><span class='mc-date no-events'><span aria-hidden='true'>8<\/span><span class='screen-reader-text'>8. April 2026<\/span><\/span><\/div>\n<\/td>\n<td class='no-events donnerstag do past-day past-date   no-events day-with-date'><div class='mc-date-container'><span class='mc-date no-events'><span aria-hidden='true'>9<\/span><span class='screen-reader-text'>9. April 2026<\/span><\/span><\/div>\n<\/td>\n<td class='no-events freitag fr past-day past-date   no-events day-with-date'><div class='mc-date-container'><span class='mc-date no-events'><span aria-hidden='true'>10<\/span><span class='screen-reader-text'>10. April 2026<\/span><\/span><\/div>\n<\/td>\n<td class='no-events samstag sa past-day past-date weekend  no-events day-with-date'><div class='mc-date-container'><span class='mc-date no-events'><span aria-hidden='true'>11<\/span><span class='screen-reader-text'>11. April 2026<\/span><\/span><\/div>\n<\/td>\n<td class='no-events sonntag so past-day past-date weekend  no-events day-with-date'><div class='mc-date-container'><span class='mc-date no-events'><span aria-hidden='true'>12<\/span><span class='screen-reader-text'>12. April 2026<\/span><\/span><\/div>\n<\/td>\n<\/tr>\n<!-- End Event Row -->\n<tr class='mc-row'><td class='no-events montag mo past-day past-date   no-events day-with-date'><div class='mc-date-container'><span class='mc-date no-events'><span aria-hidden='true'>13<\/span><span class='screen-reader-text'>13. April 2026<\/span><\/span><\/div>\n<\/td>\n<td class='no-events dienstag di past-day past-date   no-events day-with-date'><div class='mc-date-container'><span class='mc-date no-events'><span aria-hidden='true'>14<\/span><span class='screen-reader-text'>14. April 2026<\/span><\/span><\/div>\n<\/td>\n<td class='no-events mittwoch mi past-day past-date   no-events day-with-date'><div class='mc-date-container'><span class='mc-date no-events'><span aria-hidden='true'>15<\/span><span class='screen-reader-text'>15. April 2026<\/span><\/span><\/div>\n<\/td>\n<td id='calendar-2026-04-16' class='mc-events donnerstag do past-day past-date   has-events author18 mcat_ausbildung day-with-date'><div class='mc-date-container'>\n\t<span class='mc-date'><span aria-hidden='true'>16<\/span><span class='screen-reader-text'>16. April 2026<\/span><span class=\"event-icon\" aria-hidden=\"true\">&#9679;<\/span><span class=\"screen-reader-text\"><span class=\"mc-list-details event-count\">(1 Veranstaltung)<\/span><\/span><\/span><\/div><article id='mc_calendar_16_6923-calendar-6923' class='mc-mc_calendar_6923 calendar-event mc_ausbildung mc_no-location past-event mc_primary_ausbildung nonrecurring mc-3-stunden mc-start-09-00 ungrouped mc-event-670 mc-events mc-event mc_rel_ausbildung'><header>\t<h3 class='event-title summary' id='mc_6923-title-mc-948a6a8e8cd15db324902317a630b853'><button type='button'  aria-expanded='false' aria-controls='mc_calendar_16_6923-calendar-details-6923' class='calendar open url summary'><div>9:00: Ferienpass Nussbaumen<\/div><\/button><\/h3>\n<\/header><div id='mc_calendar_16_6923-calendar-details-6923' class='details no-image single-details' aria-labelledby='mc_6923-title-mc-948a6a8e8cd15db324902317a630b853'>\n\t<button type='button' aria-controls='mc_calendar_16_6923-calendar-details-6923' class='mc-toggle close'><span class='dashicons dashicons-dismiss' aria-hidden='true'><\/span><span class='screen-reader-text'>Close<\/span><\/button>\n\t\t<h4 class=\"mc-title\">9:00: Ferienpass Nussbaumen<\/h4>\n\t\r\n\t<div class='time-block'>\r\n\t\t<span class='mc-icon' aria-hidden='true'><\/span>\r\n\t\t<p><span class=\"time-wrapper\"><span class='event-time dtstart'><time class='value-title' datetime='2026-04-16T09:00:00+02:00' title='2026-04-16T09:00:00+02:00'>9:00<\/time><\/span> <span class='time-separator'> &ndash; <\/span> <span class='end-time dtend'> <time class='value-title' datetime='2026-04-16T11:30:00+02:00' title='2026-04-16T11:30:00+02:00'>11:30<\/time><\/span><\/span><br \/><span class=\"date-wrapper\"><span class='mc-start-date dtstart' title='2026-04-16T09:00:00+02:00' content='2026-04-16T09:00:00+02:00'>16. April 2026<\/span>  <\/span><\/p>\r\n\t<\/div>\n\t\t<div class='longdesc description'><p>Am 16. April von 9:00 - 11:30 findet f\u00fcr Jugendliche in Nussbaumen ein OL-Einsteiger-Angebot im Rahmen der Ferienpasses statt.<\/p>\n<p>Detaillierte Infos erscheinen zu gegebener Zeit auf auf der <a href=\"https:\/\/www.olgcordoba.ch\/\" target=\"_blank\">Homepage von Cordoba OLC<\/a>.<\/p>\n<p>Alle OL-Einsteiger-Angebote findest du <a href=\"https:\/\/www.olgcordoba.ch\/wp-content\/uploads\/2026\/03\/2002_OL-Einsteiger_Angebote.pdf\" target=\"_blank\">hier<\/a>.<br \/>\n<!-- wp:paragraph -->Weitere Ausk\u00fcnfte erteilt Therese Achermann, Cordoba OLC - Breitensport, 079 280 68 14, <a href=\"mailto:therese.ol@bluewin.ch?subject=Ferienpass Nussbaumen\" target=\"_blank\">eMail<\/a><\/p>\n<p><!-- \/wp:paragraph --><\/p>\n<\/div>\n\t\t<div class=\"sharing\">\t<p class='mc-details'><a aria-label='Read more: 9:00: Ferienpass Nussbaumen' href='https:\/\/www.olgcordoba.ch\/index.php\/mc-events\/ferienpass-nussbaumen\/?mc_id=6923'>Read more<\/a><\/p>\n<\/div><\/div><!--end .details--><\/article>\n<\/td>\n<td class='no-events freitag fr past-day past-date   no-events day-with-date'><div class='mc-date-container'><span class='mc-date no-events'><span aria-hidden='true'>17<\/span><span class='screen-reader-text'>17. April 2026<\/span><\/span><\/div>\n<\/td>\n<td id='calendar-2026-04-18' class='mc-events samstag sa past-day past-date weekend  has-events author18 mcat_wettkampf day-with-date'><div class='mc-date-container'>\n\t<span class='mc-date'><span aria-hidden='true'>18<\/span><span class='screen-reader-text'>18. April 2026<\/span><span class=\"event-icon\" aria-hidden=\"true\">&#9679;<\/span><span class=\"screen-reader-text\"><span class=\"mc-list-details event-count\">(1 Veranstaltung)<\/span><\/span><\/span><\/div><article id='mc_calendar_18_6935-calendar-6935' class='mc-mc_calendar_6935 calendar-event mc_wettkampf mc_no-location past-event mc_primary_wettkampf nonrecurring mc-24-stunden mc-start-00-00 ungrouped mc-event-679 mc-events mc-event mc_rel_wettkampf'><header>\t<h3 class='event-title summary' id='mc_6935-title-mc-948a6a8e8cd15db324902317a630b853'><button type='button'  aria-expanded='false' aria-controls='mc_calendar_18_6935-calendar-details-6935' class='calendar open url summary'><div>All day: 3. Nationaler<\/div><\/button><\/h3>\n<\/header><div id='mc_calendar_18_6935-calendar-details-6935' class='details no-image single-details' aria-labelledby='mc_6935-title-mc-948a6a8e8cd15db324902317a630b853'>\n\t<button type='button' aria-controls='mc_calendar_18_6935-calendar-details-6935' class='mc-toggle close'><span class='dashicons dashicons-dismiss' aria-hidden='true'><\/span><span class='screen-reader-text'>Close<\/span><\/button>\n\t\t<h4 class=\"mc-title\">All day: 3. Nationaler<\/h4>\n\t\r\n\t<div class='time-block'>\r\n\t\t<span class='mc-icon' aria-hidden='true'><\/span>\r\n\t\t<p><span class=\"time-wrapper\"> <span class='event-time'>All day<\/span>  <\/span><br \/><span class=\"date-wrapper\"><span class='mc-start-date dtstart' title='2026-04-18T00:00:00+02:00' content='2026-04-18T00:00:00+02:00'>18. April 2026<\/span>  <\/span><\/p>\r\n\t<\/div>\n\t\t<div class='longdesc description'><p>Am Samstag, 18. April, findet der 3. nationale OL als Langdistanz in Altst\u00e4tten SG auf der Karte Schwamm statt. Weitere Infos auf der <a href=\"https:\/\/www.olgsga.ch\/row\/\" target=\"_blank\">Veranstalter Homepage<\/a>.<\/p>\n<p>Der Anmeldeschluss ist am Montag, 6. April.<\/p>\n<\/div>\n\t\t<div class=\"sharing\">\t<p class='mc-details'><a aria-label='Read more: All day: 3. Nationaler' href='https:\/\/www.olgcordoba.ch\/index.php\/mc-events\/3-nationaler-3\/?mc_id=6935'>Read more<\/a><\/p>\n<\/div><\/div><!--end .details--><\/article>\n<\/td>\n<td id='calendar-2026-04-19' class='mc-events sonntag so past-day past-date weekend  has-events author18 mcat_wettkampf day-with-date'><div class='mc-date-container'>\n\t<span class='mc-date'><span aria-hidden='true'>19<\/span><span class='screen-reader-text'>19. April 2026<\/span><span class=\"event-icon\" aria-hidden=\"true\">&#9679;<\/span><span class=\"screen-reader-text\"><span class=\"mc-list-details event-count\">(1 Veranstaltung)<\/span><\/span><\/span><\/div><article id='mc_calendar_19_6937-calendar-6937' class='mc-mc_calendar_6937 calendar-event mc_wettkampf mc_no-location past-event mc_primary_wettkampf nonrecurring mc-24-stunden mc-start-00-00 ungrouped mc-event-681 mc-events mc-event mc_rel_wettkampf'><header>\t<h3 class='event-title summary' id='mc_6937-title-mc-948a6a8e8cd15db324902317a630b853'><button type='button'  aria-expanded='false' aria-controls='mc_calendar_19_6937-calendar-details-6937' class='calendar open url summary'><div>All day: 4. Nationaler<\/div><\/button><\/h3>\n<\/header><div id='mc_calendar_19_6937-calendar-details-6937' class='details no-image single-details' aria-labelledby='mc_6937-title-mc-948a6a8e8cd15db324902317a630b853'>\n\t<button type='button' aria-controls='mc_calendar_19_6937-calendar-details-6937' class='mc-toggle close'><span class='dashicons dashicons-dismiss' aria-hidden='true'><\/span><span class='screen-reader-text'>Close<\/span><\/button>\n\t\t<h4 class=\"mc-title\">All day: 4. Nationaler<\/h4>\n\t\r\n\t<div class='time-block'>\r\n\t\t<span class='mc-icon' aria-hidden='true'><\/span>\r\n\t\t<p><span class=\"time-wrapper\"> <span class='event-time'>All day<\/span>  <\/span><br \/><span class=\"date-wrapper\"><span class='mc-start-date dtstart' title='2026-04-19T00:00:00+02:00' content='2026-04-19T00:00:00+02:00'>19. April 2026<\/span>  <\/span><\/p>\r\n\t<\/div>\n\t\t<div class='longdesc description'><p>Am Samstag, 19. April, findet der 4. nationale OL als Sprint in Altst\u00e4tten SG auf der Karte Altst\u00e4tten statt. Weitere Infos auf der <a href=\"https:\/\/www.olgsga.ch\/row\/\" target=\"_blank\">Veranstalter Homepage<\/a>.<\/p>\n<p>Der Anmeldeschluss ist am Montag, 6. April.<\/p>\n<\/div>\n\t\t<div class=\"sharing\">\t<p class='mc-details'><a aria-label='Read more: All day: 4. Nationaler' href='https:\/\/www.olgcordoba.ch\/index.php\/mc-events\/4-nationaler-4\/?mc_id=6937'>Read more<\/a><\/p>\n<\/div><\/div><!--end .details--><\/article>\n<\/td>\n<\/tr>\n<!-- End Event Row -->\n<tr class='mc-row'><td id='calendar-2026-04-20' class='mc-events montag mo past-day past-date   has-events author18 mcat_meldeschluss day-with-date'><div class='mc-date-container'>\n\t<span class='mc-date'><span aria-hidden='true'>20<\/span><span class='screen-reader-text'>20. April 2026<\/span><span class=\"event-icon\" aria-hidden=\"true\">&#9679;<\/span><span class=\"screen-reader-text\"><span class=\"mc-list-details event-count\">(1 Veranstaltung)<\/span><\/span><\/span><\/div><article id='mc_calendar_20_6950-calendar-6950' class='mc-mc_calendar_6950 calendar-event mc_meldeschluss mc_no-location past-event mc_primary_meldeschluss nonrecurring mc-24-stunden mc-start-00-00 ungrouped mc-event-691 mc-events mc-event mc_rel_wettkampf mc_rel_meldeschluss'><header>\t<h3 class='event-title summary' id='mc_6950-title-mc-948a6a8e8cd15db324902317a630b853'><button type='button'  aria-expanded='false' aria-controls='mc_calendar_20_6950-calendar-details-6950' class='calendar open url summary'><div>All day: SSM (Sprintstaffel OL-Schweizermeisterschaft) - Meldeschluss<\/div><\/button><\/h3>\n<\/header><div id='mc_calendar_20_6950-calendar-details-6950' class='details no-image single-details' aria-labelledby='mc_6950-title-mc-948a6a8e8cd15db324902317a630b853'>\n\t<button type='button' aria-controls='mc_calendar_20_6950-calendar-details-6950' class='mc-toggle close'><span class='dashicons dashicons-dismiss' aria-hidden='true'><\/span><span class='screen-reader-text'>Close<\/span><\/button>\n\t\t<h4 class=\"mc-title\">All day: SSM (Sprintstaffel OL-Schweizermeisterschaft) - Meldeschluss<\/h4>\n\t\r\n\t<div class='time-block'>\r\n\t\t<span class='mc-icon' aria-hidden='true'><\/span>\r\n\t\t<p><span class=\"time-wrapper\"> <span class='event-time'>All day<\/span>  <\/span><br \/><span class=\"date-wrapper\"><span class='mc-start-date dtstart' title='2026-04-20T00:00:00+02:00' content='2026-04-20T00:00:00+02:00'>20. April 2026<\/span>  <\/span><\/p>\r\n\t<\/div>\n\t\t<div class='longdesc description'><p>Am Samstag, 9. Mai, findet die SSM (Sprintstaffel OL-Schweizermeisterschaft) auf der Karte Lausanne-Ouchy in der\u00a0 statt. Weitere Infos auf der <a href=\"https:\/\/www.lausanne2026.ch\/de\/startseite\/\" target=\"_blank\">Veranstalter Homepage<\/a>.<\/p>\n<p>Der Anmeldeschluss bei <span style=\"color: #000000\"><a href=\"mailto:jari.suter@gmx.ch?subject=SSM\" target=\"_blank\">Jari<\/a><\/span> ist am Montag, 20. April mit Namen, Jahrgang, Badge und Streckenwunsch.<\/p>\n<p>Mehr Infos zu Staffeln findest du im entsprechenden <a href=\"https:\/\/www.olgcordoba.ch\/index.php\/2026\/03\/16\/staffeln-mit-cordoba-olc\/\" target=\"_blank\">Beitrag<\/a>.<\/p>\n<\/div>\n\t\t<div class=\"sharing\">\t<p class='mc-details'><a aria-label='Read more: All day: SSM (Sprintstaffel OL-Schweizermeisterschaft) - Meldeschluss' href='https:\/\/www.olgcordoba.ch\/index.php\/mc-events\/ssm-sprintstaffel-ol-schweizermeisterschaft-meldeschluss\/?mc_id=6950'>Read more<\/a><\/p>\n<\/div><\/div><!--end .details--><\/article>\n<\/td>\n<td id='calendar-2026-04-21' class='mc-events dienstag di past-day past-date   has-events author18 mcat_training day-with-date'><div class='mc-date-container'>\n\t<span class='mc-date'><span aria-hidden='true'>21<\/span><span class='screen-reader-text'>21. April 2026<\/span><span class=\"event-icon\" aria-hidden=\"true\">&#9679;<\/span><span class=\"screen-reader-text\"><span class=\"mc-list-details event-count\">(1 Veranstaltung)<\/span><\/span><\/span><\/div><article id='mc_calendar_21_6922-calendar-6922' class='mc-mc_calendar_6922 calendar-event mc_training mc_no-location past-event mc_primary_training recurring mc-1-stunde mc-start-18-00 ungrouped mc-event-611 mc-events mc-event mc_rel_training'><header>\t<h3 class='event-title summary' id='mc_6922-title-mc-948a6a8e8cd15db324902317a630b853'><button type='button'  aria-expanded='false' aria-controls='mc_calendar_21_6922-calendar-details-6922' class='calendar open url summary'><div>18:00: Cordoba TSA Intervall Training<\/div><\/button><\/h3>\n<\/header><div id='mc_calendar_21_6922-calendar-details-6922' class='details no-image single-details' aria-labelledby='mc_6922-title-mc-948a6a8e8cd15db324902317a630b853'>\n\t<button type='button' aria-controls='mc_calendar_21_6922-calendar-details-6922' class='mc-toggle close'><span class='dashicons dashicons-dismiss' aria-hidden='true'><\/span><span class='screen-reader-text'>Close<\/span><\/button>\n\t\t<h4 class=\"mc-title\">18:00: Cordoba TSA Intervall Training<\/h4>\n\t\r\n\t<div class='time-block'>\r\n\t\t<span class='mc-icon' aria-hidden='true'><\/span>\r\n\t\t<p><span class=\"time-wrapper\"><span class='event-time dtstart'><time class='value-title' datetime='2026-04-21T18:00:00+02:00' title='2026-04-21T18:00:00+02:00'>18:00<\/time><\/span> <span class='time-separator'> &ndash; <\/span> <span class='end-time dtend'> <time class='value-title' datetime='2026-04-21T19:00:00+02:00' title='2026-04-21T19:00:00+02:00'>19:00<\/time><\/span><\/span><br \/><span class=\"date-wrapper\"><span class='mc-start-date dtstart' title='2026-04-21T18:00:00+02:00' content='2026-04-21T18:00:00+02:00'>21. April 2026<\/span>  <\/span><\/p>\r\n\t<\/div>\n\t\t<div class='longdesc description'><div class=\"interface-interface-skeleton__content\" role=\"region\" aria-label=\"Editor-Inhalt\">\n<div class=\"edit-post-visual-editor\">\n<div class=\"edit-post-visual-editor__content-area\">\n<div class=\"is-desktop-preview\">\n<div class=\"editor-styles-wrapper block-editor-writing-flow\">\n<div class=\"is-root-container block-editor-block-list__layout\" data-is-drop-zone=\"true\">\n<p id=\"block-0cd91462-d661-4b19-a344-45ddbb39f2f7\" class=\"block-editor-rich-text__editable block-editor-block-list__block wp-block wp-block-paragraph rich-text\" role=\"document\" aria-label=\"Absatz-Block\" data-block=\"0cd91462-d661-4b19-a344-45ddbb39f2f7\" data-type=\"core\/paragraph\" data-title=\"Absatz\" data-empty=\"false\">Dieses Training wird von Lukas Erne (<a href=\"mailto:l.erne@bluewin.ch?subject=Cordoba%20TSA%20Intervall%20Training\">eMail<\/a>, Tel.: 079 480 48 44) und Jari Suter (<a href=\"mailto:jari.suter@gmx.ch?subject=Cordoba%20TSA%20Intervall%20Training\" target=\"_blank\">eMail<\/a>, Tel.: ) geleitet.<\/p>\n<p id=\"block-65992a8d-0f73-4da9-907f-247ebbfbfa1a\" class=\"block-editor-rich-text__editable block-editor-block-list__block wp-block wp-block-paragraph rich-text\" role=\"document\" aria-label=\"Absatz-Block\" data-block=\"65992a8d-0f73-4da9-907f-247ebbfbfa1a\" data-type=\"core\/paragraph\" data-title=\"Absatz\" data-empty=\"false\">Fakten:<br data-rich-text-line-break=\"true\" \/>\u00a0\u00a0\u2022 Jeden Dienstag um 18:00 bei der Schule R\u00fctihof. Details in <a href=\"https:\/\/www.olgcordoba.ch\/wp-content\/uploads\/2023\/09\/2023_Cordoba_TSA_IntervallTraining_Plan.pdf\" target=\"_blank\">\u00dcbersichtsplan<\/a><br data-rich-text-line-break=\"true\" \/>\u00a0\u00a0\u2022 Umkleiden ist bei Suters oder Ernes m\u00f6glich (siehe <a href=\"https:\/\/www.olgcordoba.ch\/wp-content\/uploads\/2023\/09\/2023_Cordoba_TSA_IntervallTraining_Plan.pdf\" target=\"_blank\">\u00dcbersichtsplan<\/a>)<br data-rich-text-line-break=\"true\" \/>\u00a0\u00a0\u2022 Hast du Interesse?, dann melde dich bei Luki (<a href=\"mailto:l.erne@bluewin.ch?subject=Cordoba%20TSA%20Intervall%20Training\">eMail<\/a>, Tel.: 079 480 48 44) oder Jari (<a href=\"mailto:jari.suter@gmx.ch?subject=Cordoba%20TSA%20Intervall%20Training\" target=\"_blank\">eMail<\/a>, Tel.: 076 588 11 23)<br data-rich-text-line-break=\"true\" \/>\u00a0\u00a0\u2022 Genau Trainingsinfos folgen auf dem entsprechenden WhatsApp Kanal, wo man hinzugef\u00fcgt werden kann (bei Luki oder Jari melden).<br data-rich-text-line-break=\"true\" \/>\u00a0\u00a0\u2022 <a href=\"https:\/\/www.olgcordoba.ch\/wp-content\/uploads\/2023\/09\/2023_Cordoba_TSA_IntervallTraining_Plan.pdf\" target=\"_blank\">\u00dcbersichtsplan<\/a><\/p>\n<p id=\"block-2f27dc43-fd4a-4a05-8a9b-e6d5cadfc930\" class=\"block-editor-rich-text__editable block-editor-block-list__block wp-block wp-block-paragraph rich-text\" role=\"document\" aria-label=\"Absatz-Block\" data-block=\"2f27dc43-fd4a-4a05-8a9b-e6d5cadfc930\" data-type=\"core\/paragraph\" data-title=\"Absatz\" data-empty=\"false\">Dieses Training steht allen Cordobanerinnen und Cordobanern und anderen Interessierten offen. <br data-rich-text-line-break=\"true\" \/>Bist du motiviert und m\u00f6chtest an deiner Physis arbeiten, dann k\u00f6nnte dieses Training etwas f\u00fcr dich sein.<\/p>\n<div class=\"block-list-appender wp-block\" data-block=\"true\"><\/div>\n<\/div>\n<\/div>\n<div><\/div>\n<\/div>\n<\/div>\n<div class=\"popover-slot\"><\/div>\n<\/div>\n<div class=\"edit-post-layout__metaboxes\">\n<div class=\"edit-post-meta-boxes-area is-normal\">\n<div class=\"edit-post-meta-boxes-area__container\">\n<div id=\"poststuff\" class=\"sidebar-open\">\n<div id=\"postbox-container-2\" class=\"postbox-container\">\n<div id=\"normal-sortables\" class=\"meta-box-sortables ui-sortable\"><\/div>\n<\/div>\n<\/div>\n<\/div>\n<div class=\"edit-post-meta-boxes-area__clear\"><\/div>\n<\/div>\n<div class=\"edit-post-meta-boxes-area is-advanced\">\n<div class=\"edit-post-meta-boxes-area__container\">\n<div id=\"poststuff\" class=\"sidebar-open\">\n<div id=\"postbox-container-2\" class=\"postbox-container\">\n<div id=\"advanced-sortables\" class=\"meta-box-sortables ui-sortable\"><\/div>\n<\/div>\n<\/div>\n<\/div>\n<div class=\"edit-post-meta-boxes-area__clear\"><\/div>\n<\/div>\n<\/div>\n<\/div>\n<div class=\"interface-interface-skeleton__sidebar\" role=\"region\" aria-label=\"Editor-Einstellungen\">\n<div class=\"interface-complementary-area edit-post-sidebar\">\n<div class=\"components-panel__header interface-complementary-area-header edit-post-sidebar__panel-tabs\"><\/div>\n<\/div>\n<\/div>\n<\/div>\n\t\t<div class=\"sharing\">\t<p class='mc-details'><a aria-label='Read more: 18:00: Cordoba TSA Intervall Training' href='https:\/\/www.olgcordoba.ch\/index.php\/mc-events\/cordoba-tsa-intervall-training-3\/?mc_id=6922'>Read more<\/a><\/p>\n<\/div><\/div><!--end .details--><\/article>\n<\/td>\n<td id='calendar-2026-04-22' class='mc-events mittwoch mi past-day past-date   has-events author18 mcat_training day-with-date'><div class='mc-date-container'>\n\t<span class='mc-date'><span aria-hidden='true'>22<\/span><span class='screen-reader-text'>22. April 2026<\/span><span class=\"event-icon\" aria-hidden=\"true\">&#9679;<\/span><span class=\"screen-reader-text\"><span class=\"mc-list-details event-count\">(1 Veranstaltung)<\/span><\/span><\/span><\/div><article id='mc_calendar_22_6942-calendar-6942' class='mc-mc_calendar_6942 calendar-event mc_training mc_no-location past-event mc_primary_training nonrecurring mc-30-minuten mc-start-17-30 ungrouped mc-event-685 mc-events mc-event mc_rel_training'><header>\t<h3 class='event-title summary' id='mc_6942-title-mc-948a6a8e8cd15db324902317a630b853'><button type='button'  aria-expanded='false' aria-controls='mc_calendar_22_6942-calendar-details-6942' class='calendar open url summary'><div>17:30: Trainings-OL<\/div><\/button><\/h3>\n<\/header><div id='mc_calendar_22_6942-calendar-details-6942' class='details no-image single-details' aria-labelledby='mc_6942-title-mc-948a6a8e8cd15db324902317a630b853'>\n\t<button type='button' aria-controls='mc_calendar_22_6942-calendar-details-6942' class='mc-toggle close'><span class='dashicons dashicons-dismiss' aria-hidden='true'><\/span><span class='screen-reader-text'>Close<\/span><\/button>\n\t\t<h4 class=\"mc-title\">17:30: Trainings-OL<\/h4>\n\t\r\n\t<div class='time-block'>\r\n\t\t<span class='mc-icon' aria-hidden='true'><\/span>\r\n\t\t<p><span class=\"time-wrapper\"><span class='event-time dtstart'><time class='value-title' datetime='2026-04-22T17:30:00+02:00' title='2026-04-22T17:30:00+02:00'>17:30<\/time><\/span> <span class='time-separator'> &ndash; <\/span> <span class='end-time dtend'> <time class='value-title' datetime='2026-04-22T18:00:00+02:00' title='2026-04-22T18:00:00+02:00'>18:00<\/time><\/span><\/span><br \/><span class=\"date-wrapper\"><span class='mc-start-date dtstart' title='2026-04-22T17:30:00+02:00' content='2026-04-22T17:30:00+02:00'>22. April 2026<\/span>  <\/span><\/p>\r\n\t<\/div>\n\t\t<div class='longdesc description'><ul>\n<li><strong>Organisation<\/strong>: Jari Suter<span style=\"color: #000000\">, <\/span><span style=\"color: #000000\"><a href=\"mailto:jari.suter@gmx.ch?subject=OL Training, 22. April 2026\" target=\"_blank\">eMail<\/a>, 076 588 11 23<\/span><\/li>\n<li><strong>Karte<\/strong>: Klingnau\/D\u00f6ttingen (Sprint)<\/li>\n<li><strong>Besammlung<\/strong>: <a href=\"https:\/\/s.geo.admin.ch\/yvlqb49u1tps\">Bahnhof Klingnau<\/a><\/li>\n<li><strong>Startzeiten<\/strong>: 17:30 - 18:00<\/li>\n<li><strong>Anmeldung<\/strong>: F\u00fcr den Kartendruck erw\u00fcnscht, aber nicht notwendig<\/li>\n<li><a href=\"https:\/\/www.olgcordoba.ch\/wp-content\/uploads\/2026\/04\/20260422_Trainings-OL_Klingnau.pdf\"><strong>Ausschreibung<\/strong><\/a><\/li>\n<\/ul>\n<\/div>\n\t\t<div class=\"sharing\">\t<p class='mc-details'><a aria-label='Read more: 17:30: Trainings-OL' href='https:\/\/www.olgcordoba.ch\/index.php\/mc-events\/trainings-ol-52\/?mc_id=6942'>Read more<\/a><\/p>\n<\/div><\/div><!--end .details--><\/article>\n<\/td>\n<td class='no-events donnerstag do past-day past-date   no-events day-with-date'><div class='mc-date-container'><span class='mc-date no-events'><span aria-hidden='true'>23<\/span><span class='screen-reader-text'>23. April 2026<\/span><\/span><\/div>\n<\/td>\n<td class='no-events freitag fr past-day past-date   no-events day-with-date'><div class='mc-date-container'><span class='mc-date no-events'><span aria-hidden='true'>24<\/span><span class='screen-reader-text'>24. April 2026<\/span><\/span><\/div>\n<\/td>\n<td class='no-events samstag sa past-day past-date weekend  no-events day-with-date'><div class='mc-date-container'><span class='mc-date no-events'><span aria-hidden='true'>25<\/span><span class='screen-reader-text'>25. April 2026<\/span><\/span><\/div>\n<\/td>\n<td class='no-events sonntag so past-day past-date weekend  no-events day-with-date'><div class='mc-date-container'><span class='mc-date no-events'><span aria-hidden='true'>26<\/span><span class='screen-reader-text'>26. April 2026<\/span><\/span><\/div>\n<\/td>\n<\/tr>\n<!-- End Event Row -->\n<tr class='mc-row'><td class='no-events montag mo past-day past-date   no-events day-with-date'><div class='mc-date-container'><span class='mc-date no-events'><span aria-hidden='true'>27<\/span><span class='screen-reader-text'>27. April 2026<\/span><\/span><\/div>\n<\/td>\n<td id='calendar-2026-04-28' class='mc-events dienstag di past-day past-date   has-events author18 mcat_training day-with-date'><div class='mc-date-container'>\n\t<span class='mc-date'><span aria-hidden='true'>28<\/span><span class='screen-reader-text'>28. April 2026<\/span><span class=\"event-icon\" aria-hidden=\"true\">&#9679;<\/span><span class=\"screen-reader-text\"><span class=\"mc-list-details event-count\">(1 Veranstaltung)<\/span><\/span><\/span><\/div><article id='mc_calendar_28_6886-calendar-6886' class='mc-mc_calendar_6886 calendar-event mc_training mc_no-location past-event mc_primary_training recurring mc-1-stunde mc-start-18-00 ungrouped mc-event-611 mc-events mc-event mc_rel_training'><header>\t<h3 class='event-title summary' id='mc_6886-title-mc-948a6a8e8cd15db324902317a630b853'><button type='button'  aria-expanded='false' aria-controls='mc_calendar_28_6886-calendar-details-6886' class='calendar open url summary'><div>18:00: Cordoba TSA Intervall Training<\/div><\/button><\/h3>\n<\/header><div id='mc_calendar_28_6886-calendar-details-6886' class='details no-image single-details' aria-labelledby='mc_6886-title-mc-948a6a8e8cd15db324902317a630b853'>\n\t<button type='button' aria-controls='mc_calendar_28_6886-calendar-details-6886' class='mc-toggle close'><span class='dashicons dashicons-dismiss' aria-hidden='true'><\/span><span class='screen-reader-text'>Close<\/span><\/button>\n\t\t<h4 class=\"mc-title\">18:00: Cordoba TSA Intervall Training<\/h4>\n\t\r\n\t<div class='time-block'>\r\n\t\t<span class='mc-icon' aria-hidden='true'><\/span>\r\n\t\t<p><span class=\"time-wrapper\"><span class='event-time dtstart'><time class='value-title' datetime='2026-04-28T18:00:00+02:00' title='2026-04-28T18:00:00+02:00'>18:00<\/time><\/span> <span class='time-separator'> &ndash; <\/span> <span class='end-time dtend'> <time class='value-title' datetime='2026-04-28T19:00:00+02:00' title='2026-04-28T19:00:00+02:00'>19:00<\/time><\/span><\/span><br \/><span class=\"date-wrapper\"><span class='mc-start-date dtstart' title='2026-04-28T18:00:00+02:00' content='2026-04-28T18:00:00+02:00'>28. April 2026<\/span>  <\/span><\/p>\r\n\t<\/div>\n\t\t<div class='longdesc description'><div class=\"interface-interface-skeleton__content\" role=\"region\" aria-label=\"Editor-Inhalt\">\n<div class=\"edit-post-visual-editor\">\n<div class=\"edit-post-visual-editor__content-area\">\n<div class=\"is-desktop-preview\">\n<div class=\"editor-styles-wrapper block-editor-writing-flow\">\n<div class=\"is-root-container block-editor-block-list__layout\" data-is-drop-zone=\"true\">\n<p id=\"block-0cd91462-d661-4b19-a344-45ddbb39f2f7\" class=\"block-editor-rich-text__editable block-editor-block-list__block wp-block wp-block-paragraph rich-text\" role=\"document\" aria-label=\"Absatz-Block\" data-block=\"0cd91462-d661-4b19-a344-45ddbb39f2f7\" data-type=\"core\/paragraph\" data-title=\"Absatz\" data-empty=\"false\">Dieses Training wird von Lukas Erne (<a href=\"mailto:l.erne@bluewin.ch?subject=Cordoba%20TSA%20Intervall%20Training\">eMail<\/a>, Tel.: 079 480 48 44) und Jari Suter (<a href=\"mailto:jari.suter@gmx.ch?subject=Cordoba%20TSA%20Intervall%20Training\" target=\"_blank\">eMail<\/a>, Tel.: ) geleitet.<\/p>\n<p id=\"block-65992a8d-0f73-4da9-907f-247ebbfbfa1a\" class=\"block-editor-rich-text__editable block-editor-block-list__block wp-block wp-block-paragraph rich-text\" role=\"document\" aria-label=\"Absatz-Block\" data-block=\"65992a8d-0f73-4da9-907f-247ebbfbfa1a\" data-type=\"core\/paragraph\" data-title=\"Absatz\" data-empty=\"false\">Fakten:<br data-rich-text-line-break=\"true\" \/>\u00a0\u00a0\u2022 Jeden Dienstag um 18:00 bei der Schule R\u00fctihof. Details in <a href=\"https:\/\/www.olgcordoba.ch\/wp-content\/uploads\/2023\/09\/2023_Cordoba_TSA_IntervallTraining_Plan.pdf\" target=\"_blank\">\u00dcbersichtsplan<\/a><br data-rich-text-line-break=\"true\" \/>\u00a0\u00a0\u2022 Umkleiden ist bei Suters oder Ernes m\u00f6glich (siehe <a href=\"https:\/\/www.olgcordoba.ch\/wp-content\/uploads\/2023\/09\/2023_Cordoba_TSA_IntervallTraining_Plan.pdf\" target=\"_blank\">\u00dcbersichtsplan<\/a>)<br data-rich-text-line-break=\"true\" \/>\u00a0\u00a0\u2022 Hast du Interesse?, dann melde dich bei Luki (<a href=\"mailto:l.erne@bluewin.ch?subject=Cordoba%20TSA%20Intervall%20Training\">eMail<\/a>, Tel.: 079 480 48 44) oder Jari (<a href=\"mailto:jari.suter@gmx.ch?subject=Cordoba%20TSA%20Intervall%20Training\" target=\"_blank\">eMail<\/a>, Tel.: 076 588 11 23)<br data-rich-text-line-break=\"true\" \/>\u00a0\u00a0\u2022 Genau Trainingsinfos folgen auf dem entsprechenden WhatsApp Kanal, wo man hinzugef\u00fcgt werden kann (bei Luki oder Jari melden).<br data-rich-text-line-break=\"true\" \/>\u00a0\u00a0\u2022 <a href=\"https:\/\/www.olgcordoba.ch\/wp-content\/uploads\/2023\/09\/2023_Cordoba_TSA_IntervallTraining_Plan.pdf\" target=\"_blank\">\u00dcbersichtsplan<\/a><\/p>\n<p id=\"block-2f27dc43-fd4a-4a05-8a9b-e6d5cadfc930\" class=\"block-editor-rich-text__editable block-editor-block-list__block wp-block wp-block-paragraph rich-text\" role=\"document\" aria-label=\"Absatz-Block\" data-block=\"2f27dc43-fd4a-4a05-8a9b-e6d5cadfc930\" data-type=\"core\/paragraph\" data-title=\"Absatz\" data-empty=\"false\">Dieses Training steht allen Cordobanerinnen und Cordobanern und anderen Interessierten offen. <br data-rich-text-line-break=\"true\" \/>Bist du motiviert und m\u00f6chtest an deiner Physis arbeiten, dann k\u00f6nnte dieses Training etwas f\u00fcr dich sein.<\/p>\n<div class=\"block-list-appender wp-block\" data-block=\"true\"><\/div>\n<\/div>\n<\/div>\n<div><\/div>\n<\/div>\n<\/div>\n<div class=\"popover-slot\"><\/div>\n<\/div>\n<div class=\"edit-post-layout__metaboxes\">\n<div class=\"edit-post-meta-boxes-area is-normal\">\n<div class=\"edit-post-meta-boxes-area__container\">\n<div id=\"poststuff\" class=\"sidebar-open\">\n<div id=\"postbox-container-2\" class=\"postbox-container\">\n<div id=\"normal-sortables\" class=\"meta-box-sortables ui-sortable\"><\/div>\n<\/div>\n<\/div>\n<\/div>\n<div class=\"edit-post-meta-boxes-area__clear\"><\/div>\n<\/div>\n<div class=\"edit-post-meta-boxes-area is-advanced\">\n<div class=\"edit-post-meta-boxes-area__container\">\n<div id=\"poststuff\" class=\"sidebar-open\">\n<div id=\"postbox-container-2\" class=\"postbox-container\">\n<div id=\"advanced-sortables\" class=\"meta-box-sortables ui-sortable\"><\/div>\n<\/div>\n<\/div>\n<\/div>\n<div class=\"edit-post-meta-boxes-area__clear\"><\/div>\n<\/div>\n<\/div>\n<\/div>\n<div class=\"interface-interface-skeleton__sidebar\" role=\"region\" aria-label=\"Editor-Einstellungen\">\n<div class=\"interface-complementary-area edit-post-sidebar\">\n<div class=\"components-panel__header interface-complementary-area-header edit-post-sidebar__panel-tabs\"><\/div>\n<\/div>\n<\/div>\n<\/div>\n\t\t<div class=\"sharing\">\t<p class='mc-details'><a aria-label='Read more: 18:00: Cordoba TSA Intervall Training' href='https:\/\/www.olgcordoba.ch\/index.php\/mc-events\/cordoba-tsa-intervall-training-3\/?mc_id=6886'>Read more<\/a><\/p>\n<\/div><\/div><!--end .details--><\/article>\n<\/td>\n<td id='calendar-2026-04-29' class='mc-events mittwoch mi past-day past-date   has-events author18 mcat_training day-with-date'><div class='mc-date-container'>\n\t<span class='mc-date'><span aria-hidden='true'>29<\/span><span class='screen-reader-text'>29. April 2026<\/span><span class=\"event-icon\" aria-hidden=\"true\">&#9679;<\/span><span class=\"screen-reader-text\"><span class=\"mc-list-details event-count\">(1 Veranstaltung)<\/span><\/span><\/span><\/div><article id='mc_calendar_29_6943-calendar-6943' class='mc-mc_calendar_6943 calendar-event mc_training mc_no-location past-event mc_primary_training nonrecurring mc-30-minuten mc-start-17-30 ungrouped mc-event-686 mc-events mc-event mc_rel_training'><header>\t<h3 class='event-title summary' id='mc_6943-title-mc-948a6a8e8cd15db324902317a630b853'><button type='button'  aria-expanded='false' aria-controls='mc_calendar_29_6943-calendar-details-6943' class='calendar open url summary'><div>17:30: Trainings-OL<\/div><\/button><\/h3>\n<\/header><div id='mc_calendar_29_6943-calendar-details-6943' class='details no-image single-details' aria-labelledby='mc_6943-title-mc-948a6a8e8cd15db324902317a630b853'>\n\t<button type='button' aria-controls='mc_calendar_29_6943-calendar-details-6943' class='mc-toggle close'><span class='dashicons dashicons-dismiss' aria-hidden='true'><\/span><span class='screen-reader-text'>Close<\/span><\/button>\n\t\t<h4 class=\"mc-title\">17:30: Trainings-OL<\/h4>\n\t\r\n\t<div class='time-block'>\r\n\t\t<span class='mc-icon' aria-hidden='true'><\/span>\r\n\t\t<p><span class=\"time-wrapper\"><span class='event-time dtstart'><time class='value-title' datetime='2026-04-29T17:30:00+02:00' title='2026-04-29T17:30:00+02:00'>17:30<\/time><\/span> <span class='time-separator'> &ndash; <\/span> <span class='end-time dtend'> <time class='value-title' datetime='2026-04-29T18:00:00+02:00' title='2026-04-29T18:00:00+02:00'>18:00<\/time><\/span><\/span><br \/><span class=\"date-wrapper\"><span class='mc-start-date dtstart' title='2026-04-29T17:30:00+02:00' content='2026-04-29T17:30:00+02:00'>29. April 2026<\/span>  <\/span><\/p>\r\n\t<\/div>\n\t\t<div class='longdesc description'><ul>\n<li><strong>Organisation<\/strong>: Jari Suter<span style=\"color: #000000\">, <\/span><span style=\"color: #000000\"><a href=\"mailto:jari.suter@gmx.ch?subject=OL Training, 29. April 2026\" target=\"_blank\">eMail<\/a>, 076 588 11 23 - vor Ort: Jan Erne<\/span><\/li>\n<li><strong>Karte<\/strong>: T\u00e4gerhard, 1:7'500<\/li>\n<li><strong>Besammlung<\/strong>: Siehe <a href=\"https:\/\/maps.app.goo.gl\/NHsQDj5Y1QbPGE9FA\" target=\"_blank\">Karte<\/a><\/li>\n<li><strong>Startzeiten<\/strong>: 17:30 - 18:00<\/li>\n<li><strong>Anmeldung<\/strong>: F\u00fcr den Kartendruck erw\u00fcnscht, aber nicht notwendig<\/li>\n<li><a href=\"https:\/\/www.olgcordoba.ch\/wp-content\/uploads\/2026\/04\/20260429_Trainings-OL_Taegerhard.pdf\" target=\"_blank\"><strong>Ausschreibung<\/strong><\/a><\/li>\n<\/ul>\n<\/div>\n\t\t<div class=\"sharing\">\t<p class='mc-details'><a aria-label='Read more: 17:30: Trainings-OL' href='https:\/\/www.olgcordoba.ch\/index.php\/mc-events\/trainings-ol-53\/?mc_id=6943'>Read more<\/a><\/p>\n<\/div><\/div><!--end .details--><\/article>\n<\/td>\n<td aria-current=\"date\" class='no-events donnerstag do current-day   no-events day-with-date'><div class='mc-date-container'><span class='mc-date no-events'><span aria-hidden='true'>30<\/span><span class='screen-reader-text'>30. April 2026<\/span><\/span><\/div>\n<\/td>\n<td class='no-events freitag fr future-day  nextmonth no-events day-with-date'><div class='mc-date-container'><span class='mc-date no-events'><span aria-hidden='true'>1<\/span><span class='screen-reader-text'>1. Mai 2026<\/span><\/span><\/div>\n<\/td>\n<td class='no-events samstag sa future-day weekend nextmonth no-events day-with-date'><div class='mc-date-container'><span class='mc-date no-events'><span aria-hidden='true'>2<\/span><span class='screen-reader-text'>2. Mai 2026<\/span><\/span><\/div>\n<\/td>\n<td class='no-events sonntag so future-day weekend nextmonth no-events day-with-date'><div class='mc-date-container'><span class='mc-date no-events'><span aria-hidden='true'>3<\/span><span class='screen-reader-text'>3. Mai 2026<\/span><\/span><\/div>\n<\/td>\n<\/tr>\n<!-- End Event Row -->\n\n<\/tbody>\n<\/table><\/div><!-- .mc-content -->\n<nav class=\"my-calendar-navigation\" aria-label=\"Kalender (unten)\">\n<div class=\"mc_bottomnav my-calendar-footer\"><div class=\"category-key no-icons\"><h3 class=\"maybe-hide\">Kategorien<\/h3>\n<ul>\n<li class=\"cat_ausbildung\"><a id=\"mc_cat_9-mc-948a6a8e8cd15db324902317a630b853\" href=\"https:\/\/www.olgcordoba.ch\/index.php\/hallentraining\/?mcat=9\"  rel=\"nofollow\"><span class=\"category-color-sample no-icon\" style=\"background:#ea00f2;\"> &nbsp; <\/span><span class=\"mc-category-title\">Ausbildung<\/span><\/a><\/li><li class=\"cat_general\"><a id=\"mc_cat_1-mc-948a6a8e8cd15db324902317a630b853\" href=\"https:\/\/www.olgcordoba.ch\/index.php\/hallentraining\/?mcat=1\"  rel=\"nofollow\"><span class=\"category-color-sample no-icon\" style=\"background:#ffffcc;\"> &nbsp; <\/span><span class=\"mc-category-title\">General<\/span><\/a><\/li><li class=\"cat_hallentraining\"><a id=\"mc_cat_2-mc-948a6a8e8cd15db324902317a630b853\" href=\"https:\/\/www.olgcordoba.ch\/index.php\/hallentraining\/?mcat=2\"  rel=\"nofollow\"><span class=\"category-color-sample no-icon\" style=\"background:#dddcce;\"> &nbsp; <\/span><span class=\"mc-category-title\">Hallentraining<\/span><\/a><\/li><li class=\"cat_meldeschluss\"><a id=\"mc_cat_6-mc-948a6a8e8cd15db324902317a630b853\" href=\"https:\/\/www.olgcordoba.ch\/index.php\/hallentraining\/?mcat=6\"  rel=\"nofollow\"><span class=\"category-color-sample no-icon\" style=\"background:#dd3939;\"> &nbsp; <\/span><span class=\"mc-category-title\">Meldeschluss<\/span><\/a><\/li><li class=\"cat_sitzung\"><a id=\"mc_cat_5-mc-948a6a8e8cd15db324902317a630b853\" href=\"https:\/\/www.olgcordoba.ch\/index.php\/hallentraining\/?mcat=5\"  rel=\"nofollow\"><span class=\"category-color-sample no-icon\" style=\"background:#9e5ae2;\"> &nbsp; <\/span><span class=\"mc-category-title\">Sitzung<\/span><\/a><\/li><li class=\"cat_training\"><a id=\"mc_cat_3-mc-948a6a8e8cd15db324902317a630b853\" href=\"https:\/\/www.olgcordoba.ch\/index.php\/hallentraining\/?mcat=3\"  rel=\"nofollow\"><span class=\"category-color-sample no-icon\" style=\"background:#c3d6b8;\"> &nbsp; <\/span><span class=\"mc-category-title\">Training<\/span><\/a><\/li><li class=\"cat_weekends\"><a id=\"mc_cat_7-mc-948a6a8e8cd15db324902317a630b853\" href=\"https:\/\/www.olgcordoba.ch\/index.php\/hallentraining\/?mcat=7\"  rel=\"nofollow\"><span class=\"category-color-sample no-icon\" style=\"background:#2822d6;\"> &nbsp; <\/span><span class=\"mc-category-title\">Weekends<\/span><\/a><\/li><li class=\"cat_wettkampf\"><a id=\"mc_cat_4-mc-948a6a8e8cd15db324902317a630b853\" href=\"https:\/\/www.olgcordoba.ch\/index.php\/hallentraining\/?mcat=4\"  rel=\"nofollow\"><span class=\"category-color-sample no-icon\" style=\"background:#ffe0e0;\"> &nbsp; <\/span><span class=\"mc-category-title\">Wettkampf<\/span><\/a><\/li><li class='all-categories'><span class='mc-active' id='mc_cat_all-mc-948a6a8e8cd15db324902317a630b853' tabindex='-1'>Alle Kategorien<\/span><\/li><\/ul><\/div><div class='mc-print'><a id='mc_print-mc-948a6a8e8cd15db324902317a630b853' href='https:\/\/www.olgcordoba.ch?time=month&#038;yr=2026&#038;month=4&#038;dy=1&#038;href=https%3A%2F%2Fwww.olgcordoba.ch%2Findex.php%2Fwp-json%2Fwp%2Fv2%2Fpages%2F39%2F&#038;cid=mc-print-view' rel='nofollow'><span class='mc-icon' aria-hidden='true'><\/span>Ansicht<span class=\"maybe-hide\"> ausdrucken<\/span><\/a><\/div><\/div>\n<\/nav>\n\r\n<\/div>\n","protected":false},"excerpt":{"rendered":"<p>Das Hallentraining findet im Winterhalbjahr jeweils am Mittwoch in\u00a0Turnhalle H\u00f6chi in D\u00e4ttwil\u00a0 statt. Ausnahme\u00a0in den Weihnachts- und Sportferien. Die Termine in Detail findest du in der Agenda.Hier findest du die Ausschreibung. Das Hallentraining findet jeweils von 19:20 bis 20:40 statt. Ein Mix aus Krafttraining, Laufschule und Spiele erwartet dich. Trainings-Leiter sind jederzeit willkommen. Bitte melde [&hellip;]<\/p>\n","protected":false},"author":1,"featured_media":9910,"parent":0,"menu_order":0,"comment_status":"closed","ping_status":"closed","template":"","meta":{"_mc_calendar":[]},"_links":{"self":[{"href":"https:\/\/www.olgcordoba.ch\/index.php\/wp-json\/wp\/v2\/pages\/39"}],"collection":[{"href":"https:\/\/www.olgcordoba.ch\/index.php\/wp-json\/wp\/v2\/pages"}],"about":[{"href":"https:\/\/www.olgcordoba.ch\/index.php\/wp-json\/wp\/v2\/types\/page"}],"author":[{"embeddable":true,"href":"https:\/\/www.olgcordoba.ch\/index.php\/wp-json\/wp\/v2\/users\/1"}],"replies":[{"embeddable":true,"href":"https:\/\/www.olgcordoba.ch\/index.php\/wp-json\/wp\/v2\/comments?post=39"}],"version-history":[{"count":51,"href":"https:\/\/www.olgcordoba.ch\/index.php\/wp-json\/wp\/v2\/pages\/39\/revisions"}],"predecessor-version":[{"id":25156,"href":"https:\/\/www.olgcordoba.ch\/index.php\/wp-json\/wp\/v2\/pages\/39\/revisions\/25156"}],"wp:featuredmedia":[{"embeddable":true,"href":"https:\/\/www.olgcordoba.ch\/index.php\/wp-json\/wp\/v2\/media\/9910"}],"wp:attachment":[{"href":"https:\/\/www.olgcordoba.ch\/index.php\/wp-json\/wp\/v2\/media?parent=39"}],"curies":[{"name":"wp","href":"https:\/\/api.w.org\/{rel}","templated":true}]}}